{"id":9,"date":"2009-05-10T20:34:17","date_gmt":"2009-05-10T18:34:17","guid":{"rendered":"http:\/\/blog.alu.hr\/?page_id=9"},"modified":"2024-12-07T21:30:12","modified_gmt":"2024-12-07T19:30:12","slug":"predavaci","status":"publish","type":"page","link":"https:\/\/blog.alu.hr\/?page_id=9","title":{"rendered":"predava\u010di\/ce"},"content":{"rendered":"\n<p class=\"has-pale-cyan-blue-background-color has-background has-normal-font-size\"><a href=\"#aleksandar-battista-ili\u0107\">Aleksandar Battista Ili\u0107<\/a><\/p>\n\n\n\n<p class=\"has-luminous-vivid-amber-background-color has-background has-normal-font-size\"><a href=\"#katerina-duda\">Katerina Duda<\/a><\/p>\n\n\n\n<p class=\"has-pale-pink-background-color has-background has-normal-font-size\"><a href=\"#nicole-hewitt\">Nicole Hewitt<\/a><\/p>\n\n\n\n<p class=\"has-light-green-cyan-background-color has-background has-normal-font-size\"><a href=\"#ana-husman\">Ana Hu\u0161man<\/a><\/p>\n\n\n\n<p class=\"has-vivid-purple-background-color has-background has-normal-font-size\"><a href=\"#ivana-keser\">Ivana Keser<\/a><\/p>\n\n\n\n<p class=\"has-background has-normal-font-size\" style=\"background-color:#e2ca88\"><a href=\"#andreja-kulun\u010di\u0107\">Andreja Kulun\u010di\u0107<\/a><\/p>\n\n\n\n<p class=\"has-background has-normal-font-size\" style=\"background-color:#9ccbe6\"><a href=\"#ivan-slip\u010devi\u0107\">Ivan Slip\u010devi\u0107<\/a><\/p>\n\n\n\n<div style=\"height:17px\" aria-hidden=\"true\" class=\"wp-block-spacer\"><\/div>\n\n\n\n<p class=\"has-normal-font-size\"><strong>Vanjski\/e suradnici\/e<\/strong><\/p>\n\n\n\n<p class=\"has-background has-normal-font-size\" style=\"background-color:#ebf7c5\"><a href=\"#davorka-begovi\u0107\">Davorka Begovi\u0107<\/a><\/p>\n\n\n\n<p class=\"has-background has-normal-font-size\" style=\"background-color:#fab88a\"><a href=\"#hrvoslava-brku\u0161i\u0107\">Hrvoslava Brku\u0161i\u0107<\/a><\/p>\n\n\n\n<p class=\"has-background has-normal-font-size\" style=\"background-color:#ecd3f6\"><a href=\"#sonja-pregrad\">Sonja Pregrad<\/a><\/p>\n\n\n\n<p class=\"has-normal-font-size\"><strong>Voditeljica multimedije<\/strong><\/p>\n\n\n\n<p class=\"has-background has-normal-font-size\" style=\"background-color:#fba3d5\"><strong><a href=\"#laura-bari\u0107\">Laura Bari\u0107<\/a><\/strong><\/p>\n\n\n\n<div style=\"height:173px\" aria-hidden=\"true\" class=\"wp-block-spacer\"><\/div>\n\n\n\n<p><\/p>\n\n\n\n<p id=\"aleksandar-battista-ili\u0107\" class=\"has-normal-font-size\"><strong>Aleksandar Battista Ili\u0107, redoviti profesor<\/strong><\/p>\n\n\n\n<figure class=\"wp-block-image is-resized\"><a href=\"https:\/\/projektilica.com\/autori-2019\/\"><img decoding=\"async\" src=\"https:\/\/static.jutarnji.hr\/images\/slike\/2020\/09\/20\/8766755.jpg\" alt=\"Jutarnji list - Aleksandar Battista Ili\u0107: 'Ja sam kao pe\u0107inski \u010dovjek, a  grad je moja suvremena pe\u0107ina'\" style=\"width:195px;height:131px\"\/><\/a><\/figure>\n\n\n\n<p class=\"has-pale-cyan-blue-background-color has-background has-normal-font-size\"><strong>Kolegiji: Multimedijalna i multidisciplinarna umjetnost<\/strong>, <strong>Novi mediji \u2013 Vje\u017ebe mentorski rad (MA1), Novi mediji \u2013 mentorski rad (MA)<\/strong><\/p>\n\n\n\n<p class=\"has-pale-cyan-blue-background-color has-background has-normal-font-size\">Ro\u0111en 1965. Diplomirao na Akademiji likovnih umjetnosti u Zagrebu 1991. Bavi se multidisciplinarnom umjetno\u0161\u0107u, performansom, fotografijom i filmom. 1995. zajedno s Ivanom Keser i Tomislavom Gotovcem zapo\u010deo desetogodi\u0161nji performance &#8220;Weekend Art: Hallelujah the Hill&#8221; na planini Medvjednici od \u010dega je realizirao i istoimeni digitalni film. 2000. godine boravio na studijskom putovanju u Filmskom koled\u0111u u Columbusu, Ohio, USA. 1991. pokrenuo je projekt, seriju izlo\u017ebi i diskusija &#8220;Ego East&#8221;. 2001. Zajedno s Ivanom Keser osnovao udrugu &#8220;Community Art&#8221; u sklopu koje je vodio Community Art \u0161kolu za umjetnost i teoriju. Kao povremeni gost predava\u010d predaje performance, fotografiju i digitalni film na razli\u010ditim europskim sveu\u010dili\u0161tima. Izlagao u brojnim svjetskim muzejima moderne umjetnosti: Dublin, Be\u010d, Berlin, Lyon, Kyoto, New York, Budimpe\u0161ta, Barcelona, Stockholm. U produkciji pari\u0161kog producenta MK2 sudjelovao u izradi dokumentarnog filma &#8216;Drvo&#8217; za canal &#8220;Arte&#8221;. <\/p>\n\n\n\n<div style=\"height:100px\" aria-hidden=\"true\" class=\"wp-block-spacer\"><\/div>\n\n\n\n<p id=\"katerina-duda\" class=\"has-normal-font-size\"><strong>Katarina Duda, umjetni\u010dka suradnica<\/strong><\/p>\n\n\n\n<figure class=\"wp-block-image size-large is-resized\"><a href=\"https:\/\/katerinaduda.net\/\"><img loading=\"lazy\" decoding=\"async\" width=\"1024\" height=\"682\" src=\"https:\/\/blog.alu.hr\/wp-content\/uploads\/2023\/07\/kate-1024x682.jpg\" alt=\"\" class=\"wp-image-3596\" style=\"width:328px;height:218px\" srcset=\"https:\/\/blog.alu.hr\/wp-content\/uploads\/2023\/07\/kate-1024x682.jpg 1024w, https:\/\/blog.alu.hr\/wp-content\/uploads\/2023\/07\/kate-300x200.jpg 300w, https:\/\/blog.alu.hr\/wp-content\/uploads\/2023\/07\/kate-768x512.jpg 768w, https:\/\/blog.alu.hr\/wp-content\/uploads\/2023\/07\/kate-1536x1024.jpg 1536w, https:\/\/blog.alu.hr\/wp-content\/uploads\/2023\/07\/kate.jpg 2000w\" sizes=\"auto, (max-width: 709px) 85vw, (max-width: 909px) 67vw, (max-width: 1362px) 62vw, 840px\" \/><\/a><\/figure>\n\n\n\n<p class=\"has-background has-normal-font-size\" style=\"background-color:#ed9393\"><strong>Kolegij Eksperimentalna animacija, Nove umjetni\u010dke prakse<\/strong><\/p>\n\n\n\n<p class=\"has-background has-normal-font-size\" style=\"background-color:#ed9393\">Katerina Duda (1989.) diplomirala je studij animiranog filma i novih medija na Akademiji likovnih umjetnosti i sociologiju na Filozofskom fakultetu u Zagrebu. U umjetni\u010dkom radu polazi od konkretnih prostora, istra\u017euju\u0107i kako prostor i odre\u0111ene mikrolokacije reflektiraju \u0161ire dru\u0161tvene promjene. Koristi raznolike medije poput dru\u0161tvene prakse, akcija i intervencija u javnom prostoru, kao i dokumentarni film i video. Rizike i neo\u010dekivanost \u0161to nosi negalerijski rad ili rad u javnom prostoru, smatra izazovnim i vidi kao priliku za kontinuirano pomicanje granica, bilo vlastitih ili problemskih. Izlagala je ili participirala u nizu samostalnih i grupnih izlo\u017ebi, filmskih festivala i manifestacija u zemlji i inozemstvu.<\/p>\n\n\n\n<div style=\"height:100px\" aria-hidden=\"true\" class=\"wp-block-spacer\"><\/div>\n\n\n\n<p id=\"nicole-hewitt\" class=\"has-normal-font-size\"><strong>Nicole Hewitt, redovita profesorica<\/strong><\/p>\n\n\n\n<figure class=\"wp-block-image size-large is-resized\"><a href=\"https:\/\/pangolin.hr\/hr\/tko-smo-2\/nicole-hewitt\/\"><img loading=\"lazy\" decoding=\"async\" width=\"1024\" height=\"682\" src=\"https:\/\/blog.alu.hr\/wp-content\/uploads\/2023\/07\/zvukospjevi_62-1024x682.jpg\" alt=\"\" class=\"wp-image-3509\" style=\"width:341px;height:227px\" srcset=\"https:\/\/blog.alu.hr\/wp-content\/uploads\/2023\/07\/zvukospjevi_62-1024x682.jpg 1024w, https:\/\/blog.alu.hr\/wp-content\/uploads\/2023\/07\/zvukospjevi_62-300x200.jpg 300w, https:\/\/blog.alu.hr\/wp-content\/uploads\/2023\/07\/zvukospjevi_62-768x512.jpg 768w, https:\/\/blog.alu.hr\/wp-content\/uploads\/2023\/07\/zvukospjevi_62-1536x1024.jpg 1536w, https:\/\/blog.alu.hr\/wp-content\/uploads\/2023\/07\/zvukospjevi_62.jpg 2000w\" sizes=\"auto, (max-width: 709px) 85vw, (max-width: 909px) 67vw, (max-width: 1362px) 62vw, 840px\" \/><\/a><\/figure>\n\n\n\n<p class=\"has-pale-pink-background-color has-background has-normal-font-size\"><strong>kolegij: Nove umjetni\u010dke prakse,&nbsp;Novi mediji \u2013 Vje\u017ebe mentorski rad (MA1), Novi mediji &#8211; mentorski rad (MA).<\/strong><\/p>\n\n\n\n<p class=\"has-pale-pink-background-color has-background has-normal-font-size\"> Bavi se filmom, videom, tekstom i performansom. U novijim radovima istra\u017euje mogu\u0107nosti dokumentarnog jezika unutar fiktivne strukture, propituju\u0107i specifi\u010dnosti filmskog iskaza, i odnos izmedu prikaza i retorike, te filmskog i stvarnog vremena. Uz umjetni\u010dku praksu bavi se i istra\u017eivanjem teorije i prakse suvremene umjetnosti. Doktorirala na Slade School of Fine Art, u Londonu. Filmovi su joj prikazivani i vi\u0161estruko nagra\u0111ivani na brojnim svjetskim festivalima. U slobodno vrijeme ponekad DJ-ira.<\/p>\n\n\n\n<p class=\"has-pale-pink-background-color has-background has-normal-font-size\"><strong>Kolegij: Nove umjetni\u010dke prakse.<\/strong> Predmet kroz kombinaciju prakti\u010dnih vjezbi, tematskih i istra\u017eiva\u010dkih zadataka i susreta s doma\u0107im i stranim suvremenim umjetnicima nastoji studenti_ca_ma pribli\u017eiti problematiku i strategije suvremene prakse. Studenti_ce u\u010de kontekstualizirati, predstavljati i razvijati vlastitu praksu. Nastava se odr\u017eava u obliku seminara, prezentacija i kroz niz prakti\u010dnih zadataka.<\/p>\n\n\n\n<div style=\"height:80px\" aria-hidden=\"true\" class=\"wp-block-spacer\"><\/div>\n\n\n\n<p id=\"ana-husman\" class=\"has-normal-font-size\"><strong>Ana Hu\u0161man, izvanredna profesorica<\/strong><\/p>\n\n\n<div class=\"wp-block-image\">\n<figure class=\"alignleft is-resized\"><a href=\"https:\/\/anahusman.net\/\"><img loading=\"lazy\" decoding=\"async\" width=\"150\" height=\"121\" src=\"https:\/\/blog.alu.hr\/wp-content\/uploads\/2009\/05\/zene.png\" alt=\"zene\" class=\"wp-image-186\" style=\"width:307px;height:248px\"\/><\/a><\/figure><\/div>\n\n\n<div style=\"height:20px\" aria-hidden=\"true\" class=\"wp-block-spacer\"><\/div>\n\n\n\n<p class=\"has-background has-normal-font-size\" style=\"background-color:#b3e2a5\"><strong>kolegiji: Tehnike u animiranom filmu i Eksperimentalna animacija, Multimedijske vje\u017ebe i tehnike u animiranom filmu,&nbsp;Novi mediji \u2013 Vje\u017ebe mentorski rad (MA1), Novi mediji &#8211; mentorski rad (MA).<\/strong><br><\/p>\n\n\n\n<p><\/p>\n\n\n\n<p class=\"has-background has-normal-font-size\" style=\"background-color:#bbdfa8\">Ro\u0111ena je 1977. u Zagrebu. 2002 g. diplomirala na Odjelu za multimedije i nastavni\u010dki smjer Akademije likovnih umjetnosti u Zagrebu. Sudjelovala je na brojnim doma\u0107im i inozemnim izlo\u017ebama i festivalima. Za film Plac dobila je neumjerene koli\u010dine doma\u0107ih i internacionalnih nagrada. Posljednja radove objavila je za EGOBOO.bits pod GNU Op\u0107om javnom licencom.<\/p>\n\n\n\n<p><\/p>\n\n\n\n<div style=\"height:100px\" aria-hidden=\"true\" class=\"wp-block-spacer\"><\/div>\n\n\n\n<p id=\"ivana-keser\" class=\"has-normal-font-size\"><strong>Ivana Keser,<\/strong>&nbsp;Doc. dr. sc<\/p>\n\n\n\n<figure class=\"wp-block-image is-resized\"><img decoding=\"async\" src=\"https:\/\/blog.alu.hr\/wp-content\/uploads\/2009\/05\/Ivana-Keser-aout-297x300.jpg\" alt=\"Ivana Keser aout\" style=\"width:189px;height:191px\"\/><\/figure>\n\n\n\n<div style=\"height:20px\" aria-hidden=\"true\" class=\"wp-block-spacer\"><\/div>\n\n\n\n<p class=\"has-background has-normal-font-size\" style=\"background-color:#bac4e9\"><strong>Kolegiji: Uvod u teoriju filma (BA); Povijest filma (BA); Realizacija zavr\u0161nog rada (BA); Digitalni film i koncepcija (MA); Novi mediji \u2013 Vje\u017ebe mentorski rad (MA1), Novi mediji &#8211; mentorski rad (MA).<\/strong><\/p>\n\n\n\n<p class=\"has-background has-normal-font-size\" style=\"background-color:#bac4e9\">Ro\u0111ena u Zagrebu. Diplomirala slikarstvo na Akademiji likovnih umjetnosti u Zagrebu. Doktorirala iz podru\u010dja filmologije na Filozofskom fakultetu Sveu\u010dili\u0161ta u Zagrebu (2009). Bavi se multimedijalnom umjetno\u0161\u0107u, esejizmom, performansom, fotografijom, filmom, umjetni\u010dkim istra\u017eivanjem. Izla\u017ee u muzejima moderne i suvremene umjetnosti (<em>MoMA,<\/em>&nbsp;New York\/<em>Mamco,<\/em>&nbsp;\u017deneva\/<em>MUMOK,<\/em>&nbsp;Be\u010d\/<em>Irish Museum of Modern art,<\/em>&nbsp;Dublin\/<em>Manifesta 1,<\/em>&nbsp;Rotterdam\/<em>Kyoto bienale,&nbsp;<\/em>Kyoto\/MSU Zagreb). 2001, u Muzeju za modernu i suvremenu umjetnost u \u017denevi (MAMCO). Suinicirala i vodila udrugu Umjetnost zajednice; Forum i \u0161kolu za umjetnost u zajednici u kojoj je organizirala niz predavanja, radionica, filmskih projekcija i diskusija.Vanjska je predava\u010dica na Poslijediplomskom studiju knji\u017eevnosti, izvedbenih umjetnosti, filma i kulture u Zagrebu te na Muzi\u010dkoj akademiji.Objavljuje znanstvene radove, autorica je knjige Film esej (2013).<\/p>\n\n\n\n<div style=\"height:20px\" aria-hidden=\"true\" class=\"wp-block-spacer\"><\/div>\n\n\n\n<p class=\"has-background has-normal-font-size\" style=\"background-color:#bac4e9\"><strong>Kolegiji:&nbsp;Uvod u teoriju filma<\/strong>: razumijevanje pokretnih slika u \u0161irem kulturolo\u0161kom kontekstu; kroz interakciju s kazali\u0161tem, knji\u017eevno\u0161\u0107u, vizualnim umjetnostima, te interdisciplinarno kroz kulturalne studije, filozofiju, psihoanalizu, feministi\u010dke teorije, kognitivnu teoriju, te upoznavanje s najzna\u010dajnijim koncepcijama filmske teorije, te principima prenosivim na vizualnu umjetnost.<\/p>\n\n\n\n<p class=\"has-background has-normal-font-size\" style=\"background-color:#bac4e9\"><strong>Kolegij Povijest filma<\/strong>: film unutar povijesnog i kulturnog konteksta; razvoj filma (nijemi film, zvu\u010dni film, modernisti\u010dki film, dokumentarni film, direktni film, film istine, eksperimentalni film, postmodernisti\u010dki film, transcedentalni film, strukturalni film, Tre\u0107i film i film emancipacije), s fokusom na najrelevantsnije primjere iz povijesne perspektive (estetske, politi\u010dke, kulturne, tehnolo\u0161ke, ekonomske).<\/p>\n\n\n\n<p class=\"has-background has-normal-font-size\" style=\"background-color:#bac4e9\"><br><strong>Digitalni film i koncepcija<\/strong>: prisutnost esejizma u vizualnim umjetnostima i va\u017enost arhiva (u likovnom, multimedijalnom, filmskom djelu), kroz citatnost, aluziju, reference, kola\u017e. Prepoznavanje vizualnog diskursa autorove subjektivne interpretacije slika, snimaka, dokumenata iz privatne i medijske sfere. Kolegiji poti\u010du studente da reprezentativna umjetn. djela razmatraju u kontekstu umjetni\u010dkih i neumjetni\u010dkih pojava te da iskustva istog primijene u specifi\u010dnim oblicima svog umjetni\u010dkog djelovanja.<\/p>\n\n\n\n<div style=\"height:100px\" aria-hidden=\"true\" class=\"wp-block-spacer\"><\/div>\n\n\n\n<p id=\"andreja-kulun\u010di\u0107\" class=\"has-normal-font-size\"><strong>Andreja Kulun\u010di\u0107,&nbsp;izvanredna profesorica<\/strong><\/p>\n\n\n\n<figure class=\"wp-block-image size-large is-resized\"><img loading=\"lazy\" decoding=\"async\" width=\"1024\" height=\"803\" src=\"https:\/\/blog.alu.hr\/wp-content\/uploads\/2023\/07\/andreja-1024x803.jpg\" alt=\"\" class=\"wp-image-3836\" style=\"width:236px;height:184px\" srcset=\"https:\/\/blog.alu.hr\/wp-content\/uploads\/2023\/07\/andreja-1024x803.jpg 1024w, https:\/\/blog.alu.hr\/wp-content\/uploads\/2023\/07\/andreja-300x235.jpg 300w, https:\/\/blog.alu.hr\/wp-content\/uploads\/2023\/07\/andreja-768x602.jpg 768w, https:\/\/blog.alu.hr\/wp-content\/uploads\/2023\/07\/andreja-1536x1205.jpg 1536w, https:\/\/blog.alu.hr\/wp-content\/uploads\/2023\/07\/andreja.jpg 1897w\" sizes=\"auto, (max-width: 709px) 85vw, (max-width: 909px) 67vw, (max-width: 1362px) 62vw, 840px\" \/><\/figure>\n\n\n\n<p class=\"has-background has-normal-font-size\" style=\"background-color:#f7e1bc\"><strong>kolegiji: Nove umjetni\u010dke prakse, Multimedijska i multidisciplinarna umjetnost,&nbsp;Novi mediji \u2013 Vje\u017ebe mentorski rad (MA1), Novi mediji &#8211; mentorski rad (MA).<\/strong><\/p>\n\n\n\n<p><\/p>\n\n\n\n<p class=\"has-background has-normal-font-size\" style=\"background-color:#f7e1bc\">Andreja Kulun\u010di\u0107 (1968.) je vizualna umjetnica koja u svojim&nbsp;radovima propituje razli\u010dite aspekte dru\u0161tvenih odnosa i dru\u0161tvene prakse, zanimaju\u0107i se za dru\u0161tveno anga\u017eirane teme, suo\u010davanje s razli\u010ditim publikama i suradnju na kolektivnim projektima. Uspostavlja vlastite interdisciplinarne mre\u017ee, do\u017eivljavaju\u0107i umjetni\u010dki rad kao istra\u017eivanje, proces suradnje, sukreiranja i samoorganizacije. \u010cesto zahtijeva od publike aktivnu suradnju i &#8220;dovr\u0161avanje&#8221; djela. Dio procesa u nastajanju rada \u010desto je multidisciplinarnost, u kojoj se specifi\u010dne umjetni\u010dke vje\u0161tine nadopunjuju komplementarnim vje\u0161tinama iz drugih podru\u010dja. Njezin rad je predstavljen na zna\u010dajnim me\u0111unarodnim izlo\u017ebama poput Documente (Kassel), Manifeste (Frankfurt), Istambulskog bijenala, Liverpoolskog bijenala, Trijenala Indije (New Delhi) te skupnim izlo\u017ebama u muzejima uklju\u010duju\u0107i Whitney Museum of American Art (New York), PS1 (New York), MUAC (Mexico City), Palais de Tokyo (Pariz). Web site&nbsp;<a rel=\"noreferrer noopener\" href=\"http:\/\/www.andreja.info\/\" target=\"_blank\">http:\/\/www.andreja.info\/<\/a><\/p>\n\n\n\n<p class=\"has-background has-normal-font-size\" style=\"background-color:#f7e1bc\">Kroz kolegij senzibilizira studente i studentice na specifi\u010dne dru\u0161tvene situacije\/neuralgi\u010dne to\u010dke dru\u0161tva kao mogu\u0107e teme umjetni\u010dkog rada. Studenti i studentice tijekom kolegija kroz vlastito istra\u017eivanje, teorijsku analizu i produkciju razvijaju rad u mediju dru\u0161tvene prakse. Fokus se stavlja na razumijevanje recentne kriti\u010dke i anga\u017eirane umjetni\u010dke prakse i teorije, i ulogu suvremene umjetnosti u konkretnim dru\u0161tvenim kontekstima.<\/p>\n\n\n\n<div style=\"height:100px\" aria-hidden=\"true\" class=\"wp-block-spacer\"><\/div>\n\n\n\n<div style=\"height:100px\" aria-hidden=\"true\" class=\"wp-block-spacer\"><\/div>\n\n\n\n<p id=\"ivan-slip\u010devi\u0107\" class=\"has-normal-font-size\"><strong>Ivan Slip\u010devi\u0107<\/strong>&nbsp;, <strong>redoviti profesor<\/strong><\/p>\n\n\n\n<figure class=\"wp-block-image is-resized\"><a href=\"https:\/\/pangolin.hr\/hr\/hrvatski-o\/\"><img decoding=\"async\" src=\"https:\/\/artclimatetransition.eu\/_wpact\/wp-content\/uploads\/2021\/01\/Ivan-Slipcevic.jpg\" alt=\"Ivan Slip\u010devi\u0107 - ACT\" style=\"width:254px;height:168px\"\/><\/a><\/figure>\n\n\n\n<div style=\"height:20px\" aria-hidden=\"true\" class=\"wp-block-spacer\"><\/div>\n\n\n\n<p class=\"has-background has-normal-font-size\" style=\"background-color:#9debe9\"><strong>Kolegij: Uvod u fotografiju, Tehnologija novih medija<\/strong><\/p>\n\n\n\n<p class=\"has-background has-normal-font-size\" style=\"background-color:#9debe9\">Ro\u0111en je u Zagrebu 1979 godine. Nakon mature u \u0160koli za primjenjenu umjetnost i dizajn (smjer Fotografski dizajn) u Zagrebu, upisao je Akademiju dramskih umjetnosti, smjer Fimsko i TV snimanje. Direktor fotografije na filmovima, umjetni\u010dkim projektima i performansima. Razvija i autorske multimedijske projekte.<\/p>\n\n\n\n<div style=\"height:100px\" aria-hidden=\"true\" class=\"wp-block-spacer\"><\/div>\n\n\n\n<div style=\"height:100px\" aria-hidden=\"true\" class=\"wp-block-spacer\"><\/div>\n\n\n\n<p id=\"sonja-pregrad\" class=\"has-normal-font-size\"><strong>Sonja Pregrad<\/strong>, <strong>docentica, vanjska suradnica<\/strong><\/p>\n\n\n\n<figure class=\"wp-block-image size-large is-resized\"><img loading=\"lazy\" decoding=\"async\" width=\"1024\" height=\"768\" src=\"https:\/\/blog.alu.hr\/wp-content\/uploads\/2023\/07\/sonja-pregrad-1024x768.jpg\" alt=\"\" class=\"wp-image-3723\" style=\"width:228px;height:171px\" srcset=\"https:\/\/blog.alu.hr\/wp-content\/uploads\/2023\/07\/sonja-pregrad-1024x768.jpg 1024w, https:\/\/blog.alu.hr\/wp-content\/uploads\/2023\/07\/sonja-pregrad-300x225.jpg 300w, https:\/\/blog.alu.hr\/wp-content\/uploads\/2023\/07\/sonja-pregrad-768x576.jpg 768w, https:\/\/blog.alu.hr\/wp-content\/uploads\/2023\/07\/sonja-pregrad-1536x1152.jpg 1536w, https:\/\/blog.alu.hr\/wp-content\/uploads\/2023\/07\/sonja-pregrad.jpg 1600w\" sizes=\"auto, (max-width: 709px) 85vw, (max-width: 909px) 67vw, (max-width: 1362px) 62vw, 840px\" \/><\/figure>\n\n\n\n<p class=\"has-background has-normal-font-size\" style=\"background-color:#ecd3f6\"><strong>Kolegij: Tijelo, pokret i prijevod<\/strong><\/p>\n\n\n\n<p class=\"has-background has-normal-font-size\" style=\"background-color:#ecd3f6\">Sonja Pregrad je plesna autorica, izvo\u0111a\u010dica i pedagoginja, sa magisterijem Solo\/Dance\/Authorship s Universitaet der Kunste Berlin. Bavi se (i)materijalno\u0161\u0107u plesa i koreografijom odnosa. U njenom radu ples je uvijek mi\u0161ljen kao kontekstualizirana i relacijska gesta. Autorica je solo i grupnih predstava, suradni\u010dkih projekata te multimedijalnih radova. Suorganizatorica je kolektiva koji vodi program Antisezona pri Muzeju suvremene umjetnosti u Zagrebu. Od 2007. je jedna od su-osniva\u010dica i organizatorica festivala IMPROSPEKCIJE, a od 2021. umjetni\u010dke organizacije \u2018Objekt plesa\u2019.<\/p>\n\n\n\n<p><\/p>\n\n\n\n<div style=\"height:100px\" aria-hidden=\"true\" class=\"wp-block-spacer\"><\/div>\n\n\n\n<p id=\"davorka-begovi\u0107\" class=\"has-normal-font-size\"><strong>Davorka Begovi\u0107<\/strong>, <strong>vanjska suradnica<\/strong><\/p>\n\n\n\n<figure class=\"wp-block-image is-resized\"><a href=\"http:\/\/www.kontejner.org\/o-nama\/tim\/davorka-begovic\/\"><img decoding=\"async\" src=\"https:\/\/www.kontejner.org\/images\/modules\/tn_article_thumb_sq_1672916163-davorkabegovic2.jpg\" alt=\"Kontejner \u203a Team\" style=\"width:185px;height:161px\"\/><\/a><\/figure>\n\n\n\n<p class=\"has-background has-normal-font-size\" style=\"background-color:#ebf7c5\"><strong>Kolegij Zvuk kao likovni izraz<\/strong><\/p>\n\n\n\n<p class=\"has-background has-normal-font-size\" style=\"background-color:#ebf7c5\">Diplomirala je muzikologiju na Muzi\u010dkoj akademiji u Zagrebu. Proteklih 15 godina radi u podru\u010dju kulture i umjetnosti kao selektorica i producentica, prvenstveno glazbenih, ali i kazali\u0161nih, suvremenoplesnih, multimedijskih i filmskih projekata. Od samih po\u010detaka Kulture promjene SC-a bila je vanjska suradnica, a zatim umjetni\u010dka voditeljica Muzi\u010dkog salona SC unutar kojeg je pokrenula te umjetni\u010dki i produkcijski vodila me\u0111unarodni festival Izlog suvremenog zvuka. Osim u podru\u010dju glazbe niz je godina bila aktivna u filmskoj produkciji (Motovun Film Festival, Spiritus Movens, CineLink SFF-a, Studio Dim) nakon \u010dega se u potpunosti posve\u0107uje umjetni\u010dkom i kustoskom radu te se usavr\u0161ava i specijalizira za podru\u010dje suvremene (eksperimentalne) glazbe i srodnih izri\u010daja. Trenutno radi kao samostalna muzikologinja i kustosica KONTEJNER-a, u sklopu kojeg vodi me\u0111unarodni projekt Re-Imagine Europe, eksperimentalno zvu\u010dno doga\u0111anje Gibanja te druge projekte vezane uz zvukovne prakse. Na Odsjeku za animirani film i nove medije Akademije likovnih umjetnosti u Zagrebu radi kao vanjska predava\u010dica kolegija \u201eZvuk kao likovni izraz\u201c. Objavljuje kritike i \u010dlanke, pi\u0161e tekstove za diskografska i druga izdanja.<\/p>\n\n\n\n<div style=\"height:100px\" aria-hidden=\"true\" class=\"wp-block-spacer\"><\/div>\n\n\n\n<p id=\"hrvoslava-brku\u0161i\u0107\" class=\"has-normal-font-size\"><strong>Hrvoslava Brku\u0161i\u010d, docentica, vanjska suradnica<\/strong><\/p>\n\n\n\n<figure class=\"wp-block-image is-resized\"><a href=\"https:\/\/filmskapocetnica.restarted.hr\/predavaci\/hrvoslava-brkusic\/\"><img decoding=\"async\" src=\"https:\/\/filmskapocetnica.restarted.hr\/wp-content\/uploads\/2016\/09\/hrvoslava-200x300.jpg\" alt=\"hrvoslava\" style=\"width:113px;height:170px\"\/><\/a><\/figure>\n\n\n\n<p class=\"has-background has-normal-font-size\" style=\"background-color:#fab88a\"><strong>Kolegij Tehnologije novih medija<\/strong>, Zvuk kao likovni izraz, <\/p>\n\n\n\n<p class=\"has-background has-normal-font-size\" style=\"background-color:#fab88a\">Hrvoslava Brku\u0161i\u0107 ro\u0111ena je 1982.godine. Diplomirala je na Akademiji dramskih umjetnosti u Zagrebu, filmsku i TV monta\u017eu i na Akademiji likovnih umjetnosti u Zagrebu na odsjeku za nove medije. Kao monta\u017eerka radila je na niz kratkih igranih, eksperimentalnih i dokumentarnih filmova.&nbsp;U umjetni\u010dkoj praksi izra\u017eava se u razli\u010ditim medijima \u2013 film i video, zvu\u010dne instalacije i live nastupi.<\/p>\n\n\n\n<div style=\"height:100px\" aria-hidden=\"true\" class=\"wp-block-spacer\"><\/div>\n\n\n\n<p id='laura-bari\u0107'class=\"has-normal-font-size\"><p id=\"laura-bari\u0107\" class=\"has-normal-font-size\"><strong>Laura Bari\u0107, voditeljica multimedije<\/strong><\/p><\/p>\n\n\n\n<p class=\"has-background has-normal-font-size\" style=\"background-color:#f49beb\">Laura Bari\u0107 (1993.) magistrirala je na Akademiji likovnih umjetnosti u Zagrebu, na Odsjeku za animirani film i nove medije 2016. godine. Bila je polaznica programa WHW akademije 2018. godine. Boravila je kao rezidentica na Academie Schloss Solitude&nbsp; 2019. godine, a iste godine osvojila je i nagradu za svoj rad \u201eTwo ways of slicing an onion\u201c kao pobjednica Grisia Youth festivala u Rovinju. Njen rad se bazira na redefiniranju svakodnevnih gesti i objekata, kontaminiranjem njihove estetike i izmje\u0161tanjem iz uobi\u010dajenog konteksta. U multimedijskim instalacijama koje gradi od razli\u010ditih objekata, videa, fotografija i tekstova istra\u017euje odnos profesionalizma i amaterizma, ideje uspjeha, strukture, konzumacije, nelagode i apsurda. <\/p>\n\n\n\n<p><\/p>\n\n\n<\/p>\n<p><strong>&nbsp;<\/strong><\/p>\n<\/p>\n<div title=\"Page 8\">\n<div>&nbsp;<\/div>\n<\/div>\n<div id=\":23y\" class=\"ii gt\">\n<\/div>","protected":false},"excerpt":{"rendered":"<p>Aleksandar Battista Ili\u0107 Katerina Duda Nicole Hewitt Ana Hu\u0161man Ivana Keser Andreja Kulun\u010di\u0107 Ivan Slip\u010devi\u0107 Vanjski\/e suradnici\/e Davorka Begovi\u0107 Hrvoslava Brku\u0161i\u0107 Sonja Pregrad Voditeljica multimedije Laura Bari\u0107 Aleksandar Battista Ili\u0107, redoviti profesor Kolegiji: Multimedijalna i multidisciplinarna umjetnost, Novi mediji \u2013 Vje\u017ebe mentorski rad (MA1), Novi mediji \u2013 mentorski rad (MA) Ro\u0111en 1965. Diplomirao na Akademiji &hellip; <a href=\"https:\/\/blog.alu.hr\/?page_id=9\" class=\"more-link\">Continue reading<span class=\"screen-reader-text\"> &#8220;predava\u010di\/ce&#8221;<\/span><\/a><\/p>\n","protected":false},"author":2,"featured_media":0,"parent":0,"menu_order":9,"comment_status":"closed","ping_status":"closed","template":"","meta":{"footnotes":""},"class_list":["post-9","page","type-page","status-publish","hentry"],"_links":{"self":[{"href":"https:\/\/blog.alu.hr\/index.php?rest_route=\/wp\/v2\/pages\/9","targetHints":{"allow":["GET"]}}],"collection":[{"href":"https:\/\/blog.alu.hr\/index.php?rest_route=\/wp\/v2\/pages"}],"about":[{"href":"https:\/\/blog.alu.hr\/index.php?rest_route=\/wp\/v2\/types\/page"}],"author":[{"embeddable":true,"href":"https:\/\/blog.alu.hr\/index.php?rest_route=\/wp\/v2\/users\/2"}],"replies":[{"embeddable":true,"href":"https:\/\/blog.alu.hr\/index.php?rest_route=%2Fwp%2Fv2%2Fcomments&post=9"}],"version-history":[{"count":352,"href":"https:\/\/blog.alu.hr\/index.php?rest_route=\/wp\/v2\/pages\/9\/revisions"}],"predecessor-version":[{"id":5170,"href":"https:\/\/blog.alu.hr\/index.php?rest_route=\/wp\/v2\/pages\/9\/revisions\/5170"}],"wp:attachment":[{"href":"https:\/\/blog.alu.hr\/index.php?rest_route=%2Fwp%2Fv2%2Fmedia&parent=9"}],"curies":[{"name":"wp","href":"https:\/\/api.w.org\/{rel}","templated":true}]}}