{"id":356,"date":"2009-06-24T20:19:08","date_gmt":"2009-06-24T18:19:08","guid":{"rendered":"http:\/\/blog.alu.hr\/?page_id=356"},"modified":"2024-12-01T22:24:06","modified_gmt":"2024-12-01T20:24:06","slug":"2009-2","status":"publish","type":"page","link":"https:\/\/blog.alu.hr\/?page_id=356","title":{"rendered":"2009"},"content":{"rendered":"<p><a href=\"https:\/\/blog.alu.hr\/wp-content\/uploads\/2009\/06\/dajana.png\"><img loading=\"lazy\" decoding=\"async\" src=\"https:\/\/blog.alu.hr\/wp-content\/uploads\/2009\/06\/dajana.png\" alt=\"dajana\" title=\"dajana\" width=\"600\" height=\"400\" class=\"aligncenter size-full wp-image-699\" srcset=\"https:\/\/blog.alu.hr\/wp-content\/uploads\/2009\/06\/dajana.png 700w, https:\/\/blog.alu.hr\/wp-content\/uploads\/2009\/06\/dajana-300x200.png 300w\" sizes=\"auto, (max-width: 600px) 85vw, 600px\" \/><\/a><\/p>\n<p><strong>DAJANA DORKI\u0106<\/strong><\/p>\n<p>Naziv rada: Kabare<br \/>\nDimenzije: 50cm x 70cm x 40cm<br \/>\nTehnika: Kombinirani materijali<\/p>\n<p>Umjetni\u010dko obrazlo\u017eenje : Crveni objekt u \u010dijoj se unutra\u0161njosti nalazi maketa kabarea. U ovome radu bavila sam se mije\u0161anjem dru\u0161tvenih struktura i teksturom kao likovnim elementom.<\/p>\n<p><a href=\"https:\/\/blog.alu.hr\/wp-content\/uploads\/2009\/06\/vida1.png\"><img loading=\"lazy\" decoding=\"async\" src=\"https:\/\/blog.alu.hr\/wp-content\/uploads\/2009\/06\/vida1.png\" alt=\"vida1\" title=\"vida1\" width=\"600\" height=\"400\" class=\"aligncenter size-full wp-image-700\" srcset=\"https:\/\/blog.alu.hr\/wp-content\/uploads\/2009\/06\/vida1.png 700w, https:\/\/blog.alu.hr\/wp-content\/uploads\/2009\/06\/vida1-300x200.png 300w\" sizes=\"auto, (max-width: 600px) 85vw, 600px\" \/><\/a><\/p>\n<p><strong>VIDA GUZMI\u0106<\/strong><br \/>\nProstorna instalacija<br \/>\nPrimjenjen istra\u017eiva\u010dki na\u010din rada. Namjera je bila spojiti teme koje me zanimaju i artikulirati ih kroz razli\u010dite medije. Psihogeografija, tehnika automatskog pisanja (Situacionisti\u010dka internacionala,Guy Debord), otvoreno djelo, funkcija sje\u0107anja, psihicka stanja i granica normalnog &#8211; teme su kojih se doti\u010dem u ovome radu i istra\u017eujem ih kroz razli\u010dite medije &#8211; instalacija, video, tekst, zvuk.<\/p>\n<p><a href=\"https:\/\/blog.alu.hr\/wp-content\/uploads\/2009\/06\/martin2.png\"><img loading=\"lazy\" decoding=\"async\" src=\"https:\/\/blog.alu.hr\/wp-content\/uploads\/2009\/06\/martin2.png\" alt=\"martin2\" title=\"martin2\" width=\"600\" height=\"400\" class=\"aligncenter size-full wp-image-701\" \/><\/a><\/p>\n<p><object width=\"425\" height=\"344\" data=\"http:\/\/www.youtube.com\/v\/s8Da_fl3uVM&amp;hl=en&amp;fs=1&amp;\" type=\"application\/x-shockwave-flash\"><param name=\"allowFullScreen\" value=\"true\" \/><param name=\"allowscriptaccess\" value=\"always\" \/><param name=\"src\" value=\"http:\/\/www.youtube.com\/v\/s8Da_fl3uVM&amp;hl=en&amp;fs=1&amp;\" \/><param name=\"allowfullscreen\" value=\"true\" \/><\/object><\/p>\n<p><strong><br \/>\nMARTIN MRZLJAK<\/strong><\/p>\n<p>Video instalacija<br \/>\nZanimalo me gdje je granica izme\u0111u poznavanja i upoznavanja, zanimalo me gdje po\u010dinjemo druga\u010dije gledati na jednu cjelinu, koliko informacija vi\u0161e ili manje mo\u017ee promjeniti na\u0161e stajali\u0161te i odnos prema tim imaginarnim ljudima s njihovim imaginarnim pri\u010dama za koje smatramo da su stvarne i u nama se stvara osje\u0107aj da smo emotivno povezani s tim osobama i njihovim \u017eivotima.<\/p>\n<p><object width=\"560\" height=\"340\" data=\"http:\/\/www.youtube.com\/v\/z001fh_Ht9s&amp;hl=en&amp;fs=1&amp;\" type=\"application\/x-shockwave-flash\"><param name=\"allowFullScreen\" value=\"true\" \/><param name=\"allowscriptaccess\" value=\"always\" \/><param name=\"src\" value=\"http:\/\/www.youtube.com\/v\/z001fh_Ht9s&amp;hl=en&amp;fs=1&amp;\" \/><param name=\"allowfullscreen\" value=\"true\" \/><\/object><\/p>\n<p><strong>STJEPAN MILAS<\/p>\n<p>Ispod\/Under, animirani film<\/strong><\/p>\n<p><a href=\"https:\/\/blog.alu.hr\/wp-content\/uploads\/2009\/06\/iva_juricki.png\"><img loading=\"lazy\" decoding=\"async\" src=\"https:\/\/blog.alu.hr\/wp-content\/uploads\/2009\/06\/iva_juricki.png\" alt=\"iva_juricki\" title=\"iva_juricki\" width=\"600\" height=\"400\" class=\"aligncenter size-full wp-image-702\" \/><\/a><\/p>\n<p><strong>IVA JURI\u010cKI<\/p>\n<p>Garlanica, animirani film<\/strong><\/p>\n<p>SINOPSIS: Postoje mnogi svijetovi. Neki su veliki , gigantski koji se prote\u017eu prostranstvima svemira&#8230; a neki su pak mali , si\u0107u\u0161ni .<br \/>\nGarlanica je nadrealni svijet kojim kro\u010di  jedan stvor,  igraju\u0107i se s malim pauki\u0107em te svojim velikim tankim nogama putuje po tom svom svijetu, nailaze\u0107i na prepreke u potrazi za novim horizontima.<\/p>\n<p><\/p>\n<p><object width=\"400\" height=\"300\"><param name=\"allowfullscreen\" value=\"true\" \/><param name=\"allowscriptaccess\" value=\"always\" \/><param name=\"movie\" value=\"http:\/\/vimeo.com\/moogaloop.swf?clip_id=5679839&amp;server=vimeo.com&amp;show_title=1&amp;show_byline=1&amp;show_portrait=0&amp;color=&amp;fullscreen=1\" \/><embed src=\"http:\/\/vimeo.com\/moogaloop.swf?clip_id=5679839&amp;server=vimeo.com&amp;show_title=1&amp;show_byline=1&amp;show_portrait=0&amp;color=&amp;fullscreen=1\" type=\"application\/x-shockwave-flash\" allowfullscreen=\"true\" allowscriptaccess=\"always\" width=\"400\" height=\"300\"><\/embed><\/object><\/p>\n<p><a href=\"http:\/\/vimeo.com\/5679839\">FM<\/a> from <a href=\"http:\/\/vimeo.com\/user2025408\">vid benisek<\/a> on <a href=\"http:\/\/vimeo.com\">Vimeo<\/a>.<\/p>\n<p><strong>ZORAN STEPI\u0106<br \/>\nFM Prijem, animirani film<\/strong><br \/>\nTehnika: stop animacija(time-lapse), flomaster(marker) na staklu<br \/>\nKratki film atmosfere<\/p>\n<p>Prozor kao nositelj radnje slu\u017ei kao prijamnik radio signala. Uz audio signal sposoban je \u201ehvatati\u201c  i \u201eboju\u201c,vizualni izri\u010daj istoga. Pogled koji prozor pru\u017ea ostaje obi\u010dan, neokaljan posebnim intervencijama dok u igru ne uleti \u010disti signal slu\u010dajno odabrane radio stanice.<br \/>\nZvuk radio stanice postaje \u017eiv, \u201einfiltrira\u201c pogled prozora u obliku svakojakih ilustracija u pokretu koje on sam diktira, bio veseo, tu\u017ean ili tko zna kakav u trenu postojanja.<br \/>\nPri izradi rada sam se poku\u0161ao koristiti postprodukcijskim pomagalima \u0161to je manje mogu\u0107e.<br \/>\nSve po\u010diva na medjusobnoj interakciji vidljivoga i opipljivoga na prvi pogled, koliko oko(kamere) mo\u017ee osjetiti, toliko i predaje.<\/p>\n<p><\/p>\n<p><object width=\"425\" height=\"344\"><param name=\"movie\" value=\"http:\/\/www.youtube.com\/v\/euNM3g9NlT8&#038;hl=en&#038;fs=1&#038;\"><\/param><param name=\"allowFullScreen\" value=\"true\"><\/param><param name=\"allowscriptaccess\" value=\"always\"><\/param><embed src=\"http:\/\/www.youtube.com\/v\/euNM3g9NlT8&#038;hl=en&#038;fs=1&#038;\" type=\"application\/x-shockwave-flash\" allowscriptaccess=\"always\" allowfullscreen=\"true\" width=\"425\" height=\"344\"><\/embed><\/object><\/p>\n<p><strong><a href=\"https:\/\/vimeo.com\/vid47\/videos\">VID BENI\u0160EK<\/a><br \/>\nCrna Kutija, animirani film<\/strong><\/p>\n<p>Ovim filmom \u017eelim prikazati na drasti\u010dan na\u010din \u010dovjeka i njegovu ovisnost.<br \/>\nInspiraciju sam na\u0161ao u glazbi i video spotovima Massive Attack-a, koji svojim stilom imaju jak utjecaj na mene. Izrazit \u0107u to mra\u010dnim i nadrealisti\u010dkim stilom koji ina\u010de dominira mojim radovima.<br \/>\nOdabrao sam pastel jer mi se \u010dini najpogodnijom tehnikom za prikazivanje atmosfere u filmu.<br \/>\n\u017delim da gledatelj osjeti nelagodu gledaju\u0107i moj film. <\/p>\n<p>\n<object width=\"425\" height=\"344\"><param name=\"movie\" value=\"http:\/\/www.youtube.com\/v\/a8r7kv1mB1k&#038;hl=en&#038;fs=1&#038;\"><\/param><param name=\"allowFullScreen\" value=\"true\"><\/param><param name=\"allowscriptaccess\" value=\"always\"><\/param><embed src=\"http:\/\/www.youtube.com\/v\/a8r7kv1mB1k&#038;hl=en&#038;fs=1&#038;\" type=\"application\/x-shockwave-flash\" allowscriptaccess=\"always\" allowfullscreen=\"true\" width=\"425\" height=\"344\"><\/embed><\/object><\/p>\n<p>MOJA MAJKA, Lea Dragi\u0107<\/p>\n<p><\/p>\n","protected":false},"excerpt":{"rendered":"<p>DAJANA DORKI\u0106 Naziv rada: Kabare Dimenzije: 50cm x 70cm x 40cm Tehnika: Kombinirani materijali Umjetni\u010dko obrazlo\u017eenje : Crveni objekt u \u010dijoj se unutra\u0161njosti nalazi maketa kabarea. U ovome radu bavila sam se mije\u0161anjem dru\u0161tvenih struktura i teksturom kao likovnim elementom. VIDA GUZMI\u0106 Prostorna instalacija Primjenjen istra\u017eiva\u010dki na\u010din rada. Namjera je bila spojiti teme koje me &hellip; <a href=\"https:\/\/blog.alu.hr\/?page_id=356\" class=\"more-link\">Continue reading<span class=\"screen-reader-text\"> &#8220;2009&#8221;<\/span><\/a><\/p>\n","protected":false},"author":2,"featured_media":0,"parent":19,"menu_order":19,"comment_status":"closed","ping_status":"closed","template":"","meta":{"footnotes":""},"class_list":["post-356","page","type-page","status-publish","hentry"],"_links":{"self":[{"href":"https:\/\/blog.alu.hr\/index.php?rest_route=\/wp\/v2\/pages\/356","targetHints":{"allow":["GET"]}}],"collection":[{"href":"https:\/\/blog.alu.hr\/index.php?rest_route=\/wp\/v2\/pages"}],"about":[{"href":"https:\/\/blog.alu.hr\/index.php?rest_route=\/wp\/v2\/types\/page"}],"author":[{"embeddable":true,"href":"https:\/\/blog.alu.hr\/index.php?rest_route=\/wp\/v2\/users\/2"}],"replies":[{"embeddable":true,"href":"https:\/\/blog.alu.hr\/index.php?rest_route=%2Fwp%2Fv2%2Fcomments&post=356"}],"version-history":[{"count":71,"href":"https:\/\/blog.alu.hr\/index.php?rest_route=\/wp\/v2\/pages\/356\/revisions"}],"predecessor-version":[{"id":4939,"href":"https:\/\/blog.alu.hr\/index.php?rest_route=\/wp\/v2\/pages\/356\/revisions\/4939"}],"up":[{"embeddable":true,"href":"https:\/\/blog.alu.hr\/index.php?rest_route=\/wp\/v2\/pages\/19"}],"wp:attachment":[{"href":"https:\/\/blog.alu.hr\/index.php?rest_route=%2Fwp%2Fv2%2Fmedia&parent=356"}],"curies":[{"name":"wp","href":"https:\/\/api.w.org\/{rel}","templated":true}]}}