{"id":298,"date":"2009-05-18T08:55:18","date_gmt":"2009-05-18T06:55:18","guid":{"rendered":"http:\/\/blog.alu.hr\/?page_id=298"},"modified":"2023-12-10T16:33:10","modified_gmt":"2023-12-10T14:33:10","slug":"2006-2","status":"publish","type":"page","link":"https:\/\/blog.alu.hr\/?page_id=298","title":{"rendered":"2006"},"content":{"rendered":"\n<div style=\"height:100px\" aria-hidden=\"true\" class=\"wp-block-spacer\"><\/div>\n\n\n<div class=\"wp-block-image\">\n<figure class=\"alignleft\"><a href=\"https:\/\/blog.alu.hr\/wp-content\/uploads\/2009\/05\/rilkepath006_0004.jpg\"><img loading=\"lazy\" decoding=\"async\" width=\"400\" height=\"320\" src=\"https:\/\/blog.alu.hr\/wp-content\/uploads\/2009\/05\/rilkepath006_0004.jpg\" alt=\"rilkepath006_0004\" class=\"wp-image-443\" srcset=\"https:\/\/blog.alu.hr\/wp-content\/uploads\/2009\/05\/rilkepath006_0004.jpg 400w, https:\/\/blog.alu.hr\/wp-content\/uploads\/2009\/05\/rilkepath006_0004-300x240.jpg 300w\" sizes=\"auto, (max-width: 400px) 85vw, 400px\" \/><\/a><\/figure><\/div>\n\n\n<div style=\"height:20px\" aria-hidden=\"true\" class=\"wp-block-spacer\"><\/div>\n\n\n\n<p><strong>The Rilke Path, Asja Boro\u0161, <\/strong> 10\u2018, Video,Kombinirana tehnika<br><br><\/p>\n\n\n\n<div style=\"height:100px\" aria-hidden=\"true\" class=\"wp-block-spacer\"><\/div>\n\n\n<div class=\"wp-block-image\">\n<figure class=\"alignleft\"><a href=\"https:\/\/blog.alu.hr\/wp-content\/uploads\/2009\/05\/vlak.jpg\"><img loading=\"lazy\" decoding=\"async\" width=\"358\" height=\"286\" src=\"https:\/\/blog.alu.hr\/wp-content\/uploads\/2009\/05\/vlak.jpg\" alt=\"vlak\" class=\"wp-image-418\" srcset=\"https:\/\/blog.alu.hr\/wp-content\/uploads\/2009\/05\/vlak.jpg 358w, https:\/\/blog.alu.hr\/wp-content\/uploads\/2009\/05\/vlak-300x239.jpg 300w\" sizes=\"auto, (max-width: 358px) 85vw, 358px\" \/><\/a><\/figure><\/div>\n\n\n<div style=\"height:20px\" aria-hidden=\"true\" class=\"wp-block-spacer\"><\/div>\n\n\n\n<p><strong>VLAK, Goran Stojni\u0107, <\/strong>8`34\u201d,Ulje na staklu,Beta SP<br><\/p>\n\n\n<div class=\"wp-block-image\">\n<figure class=\"alignleft\"><a href=\"https:\/\/blog.alu.hr\/wp-content\/uploads\/2009\/05\/educationalstory.jpg\"><img loading=\"lazy\" decoding=\"async\" width=\"358\" height=\"271\" src=\"https:\/\/blog.alu.hr\/wp-content\/uploads\/2009\/05\/educationalstory.jpg\" alt=\"educationalstory\" class=\"wp-image-423\" srcset=\"https:\/\/blog.alu.hr\/wp-content\/uploads\/2009\/05\/educationalstory.jpg 358w, https:\/\/blog.alu.hr\/wp-content\/uploads\/2009\/05\/educationalstory-300x227.jpg 300w\" sizes=\"auto, (max-width: 358px) 85vw, 358px\" \/><\/a><\/figure><\/div>\n\n\n<div style=\"height:20px\" aria-hidden=\"true\" class=\"wp-block-spacer\"><\/div>\n\n\n\n<p><strong>Educational Story, Darko Vu\u010denik,<\/strong> , 2\u201914\u2019\u2019 ,3D animacija, video<br><\/p>\n\n\n\n<p><\/p>\n\n\n\n<div style=\"height:100px\" aria-hidden=\"true\" class=\"wp-block-spacer\"><\/div>\n\n\n<div class=\"wp-block-image\">\n<figure class=\"alignleft\"><a href=\"https:\/\/blog.alu.hr\/wp-content\/uploads\/2009\/05\/aleksandar_vjestica.jpg\"><img loading=\"lazy\" decoding=\"async\" width=\"227\" height=\"181\" src=\"https:\/\/blog.alu.hr\/wp-content\/uploads\/2009\/05\/aleksandar_vjestica.jpg\" alt=\"aleksandar_vjestica\" class=\"wp-image-427\"\/><\/a><\/figure><\/div>\n\n\n<div style=\"height:20px\" aria-hidden=\"true\" class=\"wp-block-spacer\"><\/div>\n\n\n\n<p><strong>Metamorphosis, Aleksandar Vje\u0161tica, <\/strong>7\u201924\u2019\u2019,Voda i kreda na plo\u010di, Digitalna fotografija, video<br><\/p>\n\n\n\n<p><\/p>\n\n\n\n<div style=\"height:100px\" aria-hidden=\"true\" class=\"wp-block-spacer\"><\/div>\n\n\n<div class=\"wp-block-image\">\n<figure class=\"alignleft\"><a href=\"https:\/\/blog.alu.hr\/wp-content\/uploads\/2009\/05\/zenenabrodu.jpg\"><img loading=\"lazy\" decoding=\"async\" width=\"358\" height=\"282\" src=\"https:\/\/blog.alu.hr\/wp-content\/uploads\/2009\/05\/zenenabrodu.jpg\" alt=\"zenenabrodu\" class=\"wp-image-468\" srcset=\"https:\/\/blog.alu.hr\/wp-content\/uploads\/2009\/05\/zenenabrodu.jpg 358w, https:\/\/blog.alu.hr\/wp-content\/uploads\/2009\/05\/zenenabrodu-300x236.jpg 300w\" sizes=\"auto, (max-width: 358px) 85vw, 358px\" \/><\/a><\/figure><\/div>\n\n\n<div style=\"height:20px\" aria-hidden=\"true\" class=\"wp-block-spacer\"><\/div>\n\n\n\n<p><strong>\u017dene na brodu, Vjekoslav \u017divkovi\u0107,<\/strong> animirani film, Digital Beta, 10&#8242; 37&#8221;, boja<br><\/p>\n\n\n\n<div style=\"height:100px\" aria-hidden=\"true\" class=\"wp-block-spacer\"><\/div>\n\n\n<div class=\"wp-block-image\">\n<figure class=\"alignleft\"><a href=\"https:\/\/blog.alu.hr\/wp-content\/uploads\/2009\/05\/ledenonebo.jpg\"><img loading=\"lazy\" decoding=\"async\" width=\"358\" height=\"132\" src=\"https:\/\/blog.alu.hr\/wp-content\/uploads\/2009\/05\/ledenonebo.jpg\" alt=\"ledenonebo\" class=\"wp-image-477\" srcset=\"https:\/\/blog.alu.hr\/wp-content\/uploads\/2009\/05\/ledenonebo.jpg 358w, https:\/\/blog.alu.hr\/wp-content\/uploads\/2009\/05\/ledenonebo-300x110.jpg 300w\" sizes=\"auto, (max-width: 358px) 85vw, 358px\" \/><\/a><\/figure><\/div>\n\n\n<div style=\"height:20px\" aria-hidden=\"true\" class=\"wp-block-spacer\"><\/div>\n\n\n\n<p><strong>Ledeno Nebo, Filip Ga\u0161parovi\u0107,<\/strong> 1&#8242;, trailer, kompjuterska animacija, ALU.<\/p>\n\n\n\n<div style=\"height:100px\" aria-hidden=\"true\" class=\"wp-block-spacer\"><\/div>\n\n\n<div class=\"wp-block-image\">\n<figure class=\"alignleft\"><a href=\"https:\/\/blog.alu.hr\/wp-content\/uploads\/2009\/05\/nocni_susretmalastill.jpg\"><img loading=\"lazy\" decoding=\"async\" width=\"358\" height=\"335\" src=\"https:\/\/blog.alu.hr\/wp-content\/uploads\/2009\/05\/nocni_susretmalastill.jpg\" alt=\"nocni_susretmalastill\" class=\"wp-image-626\" srcset=\"https:\/\/blog.alu.hr\/wp-content\/uploads\/2009\/05\/nocni_susretmalastill.jpg 358w, https:\/\/blog.alu.hr\/wp-content\/uploads\/2009\/05\/nocni_susretmalastill-300x280.jpg 300w\" sizes=\"auto, (max-width: 358px) 85vw, 358px\" \/><\/a><\/figure><\/div>\n\n\n<div style=\"height:20px\" aria-hidden=\"true\" class=\"wp-block-spacer\"><\/div>\n\n\n\n<p><strong>No\u0107ni susret, Vedran Klemen<\/strong> Trajanje: 1&#8242; Tehnika: 2D kompjuterska animacija Format: DVD<br><strong>Sinopsis<\/strong>: Animacija sa ekoloskom porukom<\/p>\n\n\n\n<div style=\"height:100px\" aria-hidden=\"true\" class=\"wp-block-spacer\"><\/div>\n\n\n<div class=\"wp-block-image\">\n<figure class=\"alignleft\"><a href=\"https:\/\/blog.alu.hr\/wp-content\/uploads\/2009\/05\/makovi.jpg\"><img loading=\"lazy\" decoding=\"async\" width=\"1024\" height=\"309\" src=\"https:\/\/blog.alu.hr\/wp-content\/uploads\/2009\/05\/makovi-1024x309.jpg\" alt=\"makovi\" class=\"wp-image-669\" srcset=\"https:\/\/blog.alu.hr\/wp-content\/uploads\/2009\/05\/makovi-1024x309.jpg 1024w, https:\/\/blog.alu.hr\/wp-content\/uploads\/2009\/05\/makovi-300x90.jpg 300w, https:\/\/blog.alu.hr\/wp-content\/uploads\/2009\/05\/makovi.jpg 1906w\" sizes=\"auto, (max-width: 709px) 85vw, (max-width: 909px) 67vw, (max-width: 1362px) 62vw, 840px\" \/><\/a><\/figure><\/div>\n\n\n<p><\/p>\n\n\n\n<p><strong>.. o maku<\/strong> Re\u017eija, animacija : Gorana Trivi\u0107 <\/p>\n\n\n\n<p><\/p>\n\n\n\n<div style=\"height:100px\" aria-hidden=\"true\" class=\"wp-block-spacer\"><\/div>\n\n\n\n<p><strong>.Instrumenti<\/strong> Re\u017eija, animacija : Luka Tolic Tehnika : digitalna animacija Format : Video Trajanje : 6&#8242;<br><strong> Synopsis:<\/strong> This work tried to fuse certain aspects of new media art and cognitive science theory (especially the cognitive linguistics and visual languages literature) and present itself as an operational interface, a cognitive instrument. However, the editing of a soundtrack that synchronized it too overtly with the visual events had downgraded the intended effect to a trivial musical instrument. Since I do admit this as a mistake, and since this error is mine alone, I apologize, in advance, for all the six minutes of it!<\/p>\n\n\n\n<div style=\"height:100px\" aria-hidden=\"true\" class=\"wp-block-spacer\"><\/div>\n","protected":false},"excerpt":{"rendered":"<p>The Rilke Path, Asja Boro\u0161, 10\u2018, Video,Kombinirana tehnika VLAK, Goran Stojni\u0107, 8`34\u201d,Ulje na staklu,Beta SP Educational Story, Darko Vu\u010denik, , 2\u201914\u2019\u2019 ,3D animacija, video Metamorphosis, Aleksandar Vje\u0161tica, 7\u201924\u2019\u2019,Voda i kreda na plo\u010di, Digitalna fotografija, video \u017dene na brodu, Vjekoslav \u017divkovi\u0107, animirani film, Digital Beta, 10&#8242; 37&#8221;, boja Ledeno Nebo, Filip Ga\u0161parovi\u0107, 1&#8242;, trailer, kompjuterska animacija, &hellip; <a href=\"https:\/\/blog.alu.hr\/?page_id=298\" class=\"more-link\">Continue reading<span class=\"screen-reader-text\"> &#8220;2006&#8221;<\/span><\/a><\/p>\n","protected":false},"author":2,"featured_media":0,"parent":526,"menu_order":19,"comment_status":"closed","ping_status":"closed","template":"","meta":{"footnotes":""},"class_list":["post-298","page","type-page","status-publish","hentry"],"_links":{"self":[{"href":"https:\/\/blog.alu.hr\/index.php?rest_route=\/wp\/v2\/pages\/298","targetHints":{"allow":["GET"]}}],"collection":[{"href":"https:\/\/blog.alu.hr\/index.php?rest_route=\/wp\/v2\/pages"}],"about":[{"href":"https:\/\/blog.alu.hr\/index.php?rest_route=\/wp\/v2\/types\/page"}],"author":[{"embeddable":true,"href":"https:\/\/blog.alu.hr\/index.php?rest_route=\/wp\/v2\/users\/2"}],"replies":[{"embeddable":true,"href":"https:\/\/blog.alu.hr\/index.php?rest_route=%2Fwp%2Fv2%2Fcomments&post=298"}],"version-history":[{"count":94,"href":"https:\/\/blog.alu.hr\/index.php?rest_route=\/wp\/v2\/pages\/298\/revisions"}],"predecessor-version":[{"id":4556,"href":"https:\/\/blog.alu.hr\/index.php?rest_route=\/wp\/v2\/pages\/298\/revisions\/4556"}],"up":[{"embeddable":true,"href":"https:\/\/blog.alu.hr\/index.php?rest_route=\/wp\/v2\/pages\/526"}],"wp:attachment":[{"href":"https:\/\/blog.alu.hr\/index.php?rest_route=%2Fwp%2Fv2%2Fmedia&parent=298"}],"curies":[{"name":"wp","href":"https:\/\/api.w.org\/{rel}","templated":true}]}}