{"id":224,"date":"2009-05-16T15:14:57","date_gmt":"2009-05-16T13:14:57","guid":{"rendered":"http:\/\/blog.alu.hr\/?page_id=224"},"modified":"2024-12-02T15:03:32","modified_gmt":"2024-12-02T13:03:32","slug":"diplomski-novi-mediji","status":"publish","type":"page","link":"https:\/\/blog.alu.hr\/?page_id=224","title":{"rendered":"diplomski studij"},"content":{"rendered":"\n<h1 class=\"wp-block-heading has-pale-pink-color has-pale-cyan-blue-background-color has-text-color has-background has-large-font-size\">Diplomski studij<\/h1>\n\n\n\n<figure class=\"wp-block-image size-large\"><a href=\"https:\/\/blog.alu.hr\/wp-content\/uploads\/2024\/12\/image-2.png\"><img loading=\"lazy\" decoding=\"async\" width=\"991\" height=\"1024\" src=\"https:\/\/blog.alu.hr\/wp-content\/uploads\/2024\/12\/image-2-991x1024.png\" alt=\"\" class=\"wp-image-4926\" srcset=\"https:\/\/blog.alu.hr\/wp-content\/uploads\/2024\/12\/image-2-991x1024.png 991w, https:\/\/blog.alu.hr\/wp-content\/uploads\/2024\/12\/image-2-290x300.png 290w, https:\/\/blog.alu.hr\/wp-content\/uploads\/2024\/12\/image-2-768x793.png 768w, https:\/\/blog.alu.hr\/wp-content\/uploads\/2024\/12\/image-2.png 1150w\" sizes=\"auto, (max-width: 709px) 85vw, (max-width: 909px) 67vw, (max-width: 1362px) 62vw, 840px\" \/><\/a><\/figure>\n\n\n\n<p><strong>MA Novi Mediji&nbsp;<\/strong><\/p>\n\n\n\n<p><\/p>\n\n\n\n<p class=\"has-light-green-cyan-background-color has-background has-normal-font-size\">MA Novi Mediji je dinami\u010dan i intenzivan studij koji u kreativnoj i kriti\u010dkoj atmosferi njeguje individualne poetike, prakse i politike, dok istovremeno gradi kolektiv koji se podr\u017eava tokom studija, a \u0161to je jo\u0161 bitnije i nakon studija.&nbsp;Studij omogu\u0107ava studenti.ca.ma da samostalno i uz podr\u0161ku mentorskog, grupnog i peer to peer rada razvijaju svoj kreativni potencijal u \u0161irokom rasponu medija kroz eksperimentiranje, dijalog i suradnje.&nbsp;Za razliku od mnogih diplomskih studija na\u0161 program traje dvije akademske godine, odnosno \u010detiri semestra, \u0161to daje mogu\u0107nost intenzivnog i ozbiljnog bavljenja istra\u017eiva\u010dkim i umjetni\u010dkim praksama.<\/p>\n\n\n\n<p class=\"has-light-green-cyan-background-color has-background has-normal-font-size\">MA Novi mediji njeguje kulturu kriti\u010dke radoznalosti prema medijima, intelektualnosti i umjetnosti. Njegujemo interdisciplinarnost i preispitujemo sjeci\u0161te izme\u0111u umjetnosti i teorije, dok inzistiramo istovremeno na individualnom radu &nbsp;i na intenzivoj pedago\u0161koj interakciji. Naglasak je na intenzivnom radu s procesima, medijima i materijalima, ali i na odgovornom, osvje\u0161tenom, i stalnom propitivanju dru\u0161tvenog konteksta i osobnog djelovanja, te promi\u0161ljanju, artikuliranju i pozicioniranju vlastite prakse u \u0161iri kontekst.&nbsp;Studij poti\u010de i omogu\u0107ava eksperimentiranja u bilo kojem mediju \u2013 od starih novih medija (fotografija, film, video) do transcisciplinarnih (instalacija, dru\u0161tvene prakse, performansi, poezija, spoken word, sound art, pokret, 3D, &nbsp;interaktivna umjetnost, participativna \u2026).<\/p>\n\n\n\n<p class=\"has-light-green-cyan-background-color has-background has-normal-font-size\">Prva godina orijentirana je na niz blokova iz razli\u010ditih formi (artist books, hibridni film, performance, kreativno pisanje, suradnje i razmjene). Na drugoj godini individualno i grupno istra\u017eivanje se nastavlja, i studenti_ce kre\u0107u u realizaciju kompleksnog i cjelovitog rada kojeg razvijaju uz mentoricu\/mentora.<\/p>\n\n\n\n<p class=\"has-light-green-cyan-background-color has-background has-normal-font-size\">Tijekom cijelog studija uz praksu se bavimo prou\u010davanjem teorija i umjetni\u010dkih pravaca koji su obilje\u017eili suvremenu umjetnost, te kontaktiramo s velikim brojem umjetnica_ika, teoreti\u010dara_ki, kustosa_ica kroz gostovanja i radionice. Neki od tematskih blokova kojima se bavimo, i koji se \u010desto oblikuju kroz interes studenata su spektakl, aktivizam, feminizam, memorija, svakodnevnost, antropocen, queer teorije, postkolonijalizam.<\/p>\n\n\n\n<p class=\"has-light-green-cyan-background-color has-background has-normal-font-size\">Baziramo svoju pedagogiju na istra\u017eiva\u010dkim procesima, isprobavanju, riskiranju, radu kroz materijale i medije, a u suradnji s teorijskim praksama, i u dodiru s dru\u0161tvenim kontekstom u kojem rad nastaje. Od na\u0161ih studenata\/ica o\u010dekujemo da su samomotivirani_e, samostalne_i, velikodu\u0161ni_e, anga\u017eirane_i, disciplinirani_e i po mogu\u0107nosti opsjednute_i svojom praksom, ali i praksom drugih umjetnika_ica.<\/p>\n\n\n\n<p class=\"has-light-green-cyan-background-color has-background has-normal-font-size\">Osim redovitog programa Odsjek organizira i projektnu nastavu jednom godi\u0161nje u Centru za nezavisnu kulturu i kulturu mladih Pogon Jedinstvo, te razmjenu sa studenti.ca.ma London Metropolitan School of Art. Suradnje ostvarujemo jo\u0161 i s Improspekcijama,  galerijom Prozori i radionice s velikim brojem na\u0161ih alumnija.<\/p>\n\n\n\n<p class=\"has-light-green-cyan-background-color has-background has-normal-font-size\">Odsjek je dobro <a href=\"#oprema\">opremljen<\/a> audio vizualnom tehnikom koju svake godine obnavljamo u skladu s mogu\u0107nostima i potrebama studenata_ica (foto aparati, video kamere, oprema za snimanje i montiranje zvuka, ra\u010dunala, rasvjeta, projektori, monitori\u2026) mogu\u0107nos\u0107u kori\u0161tenja klasa, medijskog laba, fotolabaratorija i projektnih prostora.<\/p>\n\n\n\n<p class=\"has-light-green-cyan-background-color has-background has-normal-font-size\">Mnoge_i na\u0161i_e studenti_ce dolaze iz srodnih podru\u010dja npr. kulturalni studiji, antropologija, monta\u017ea, arhitektura, dramaturgija, ples, glazba, dizajn \/ za upis u studij nije nu\u017eno imati prethodno slu\u017ebeno umjetni\u010dko obrazovanje, ali nu\u017eno je imati svoju umjetni\u010dku praksu &#8211; u bilo kojem mediju.<\/p>\n\n\n\n<p class=\"has-light-green-cyan-background-color has-background has-normal-font-size\">Cilj studija je prvenstveno educirati novu generaciju samostalnih umjetnica_ika, a mnogi na\u0161i alumniji se uz umjetni\u010dki rad bave nizom srodnih aktivnosti (design, ilustracija, monta\u017ea, fotografija, snimanje, produkcija, kuriranje, pedagogija, aktivizam\u2026)<\/p>\n\n\n\n<p class=\"has-vivid-green-cyan-background-color has-background has-normal-font-size\"><strong>Mentori-ce i njihova podru\u010dja specijalnosti su<\/strong><\/p>\n\n\n\n<div style=\"height:23px\" aria-hidden=\"true\" class=\"wp-block-spacer\"><\/div>\n\n\n\n<p class=\"has-vivid-green-cyan-background-color has-background\" style=\"font-size:16px\">Andreja Kulun\u010di\u0107 \/ dru\u0161tvena praksa i instalacija<\/p>\n\n\n\n<p class=\"has-vivid-green-cyan-background-color has-background\" style=\"font-size:16px\">Ivana Keser \/ film esej-teorija<\/p>\n\n\n\n<p class=\"has-vivid-green-cyan-background-color has-background\" style=\"font-size:16px\">Ivan Slip\u010devi\u0107\/ fotografija, pokretna slika, live slika i zvuk<\/p>\n\n\n\n<p class=\"has-vivid-green-cyan-background-color has-background\" style=\"font-size:16px\">Ana Hu\u0161man\/ eksperimentalni film, animacija i instalacija<\/p>\n\n\n\n<p class=\"has-vivid-green-cyan-background-color has-background\" style=\"font-size:16px\">Aleksandar Battista Ili\u0107 \/participativne prakse, performans<\/p>\n\n\n\n<p class=\"has-vivid-green-cyan-background-color has-background\" style=\"font-size:16px\">Nicole Hewitt\/ eksperimentalni film-performance-tekst<\/p>\n\n\n\n<p class=\"has-vivid-green-cyan-background-color has-background\" style=\"font-size:16px\">Katerina Duda &#8211; film\/ dru\u0161tvena praksa<\/p>\n\n\n\n<p class=\"has-vivid-green-cyan-background-color has-background\" style=\"font-size:16px\">voditeljica multimedije &#8211; Laura Bari\u0107<\/p>\n\n\n\n<div style=\"height:26px\" aria-hidden=\"true\" class=\"wp-block-spacer\"><\/div>\n\n\n\n<p class=\"has-light-green-cyan-background-color has-background has-normal-font-size\"><strong>Vanjski-e suradnice-i (stalni-e)<\/strong><\/p>\n\n\n\n<div style=\"height:20px\" aria-hidden=\"true\" class=\"wp-block-spacer\"><\/div>\n\n\n\n<p class=\"has-light-green-cyan-background-color has-background has-normal-font-size\">Sonja Pregrad &#8211; pokret\/ples\/performance<\/p>\n\n\n\n<p class=\"has-light-green-cyan-background-color has-background has-normal-font-size\">Hrvoslava Brku\u0161i\u0107 &#8211; instalacije\/film\/zvuk<\/p>\n\n\n\n<div style=\"height:100px\" aria-hidden=\"true\" class=\"wp-block-spacer\"><\/div>\n\n\n<div class=\"wp-block-image\">\n<figure class=\"aligncenter\"><img loading=\"lazy\" decoding=\"async\" width=\"724\" height=\"203\" src=\"https:\/\/blog.alu.hr\/wp-content\/uploads\/2009\/05\/picture-3.png\" alt=\"picture-3\" class=\"wp-image-237\" srcset=\"https:\/\/blog.alu.hr\/wp-content\/uploads\/2009\/05\/picture-3.png 724w, https:\/\/blog.alu.hr\/wp-content\/uploads\/2009\/05\/picture-3-300x84.png 300w\" sizes=\"auto, (max-width: 724px) 85vw, 724px\" \/><\/figure><\/div>\n\n\n<div style=\"height:20px\" aria-hidden=\"true\" class=\"wp-block-spacer\"><\/div>\n\n\n\n<p class=\"has-normal-font-size\"><strong>PROGRAM<\/strong><\/p>\n\n\n\n<p class=\"has-normal-font-size\"><strong>Studij traje dvije godine (4 semestra), tijekom kojih se stje\u010de 120 ECTS bodova.<\/strong><\/p>\n\n\n\n<p class=\"has-normal-font-size\">Tjedne prezentacije, grupni seminari, \u010dita\u010dke grupe, radionice, gostuju\u0107i umjetnici, semestralne izlo\u017ebe me\u0111unarodne razmjene, sudjelovanje na me\u0111unarodnim umjetnickim i istrazivackim projektima, redoviti obilasci izlo\u017ebi i susreti s umjetnici.a.ma i kustosi.ca.ma \u010dine ovaj studij izuzetno dinami\u010dnim i izazovnim i za student.ic.e i za profesoric.e. Istraziva\u010dki blokovi se organiziraju i ad hoc, na inicijativu studenata.ica ili profesor.ic.a, ponekad i izvan nastavnih termina, u intenzivnim blokovima. O\u010dekujemo anga\u017eiranost, osvije\u0161\u0107enost i infiltraciju javnog kulturalnog i umjetni\u010dkog prostora.<\/p>\n\n\n\n<div style=\"height:24px\" aria-hidden=\"true\" class=\"wp-block-spacer\"><\/div>\n\n\n\n<p class=\"has-medium-font-size\"><strong>PRAKSA<\/strong><\/p>\n\n\n\n<div style=\"height:20px\" aria-hidden=\"true\" class=\"wp-block-spacer\"><\/div>\n\n\n\n<p class=\"has-normal-font-size\"><strong>Autorski projekt<\/strong> &#8211; ovo je najbitniji element studija, studenti.ce svakog semestra razvijaju koncept svojeg autorskog&nbsp; projekta te ga realiziraju za izlo\u017ebu na kraju svakog semestra. Student\/ica mora pokazati da je sposoban\/na obaviti istra\u017eiva\u010dki i organizacijski rad neopohodan za finalizaciju projekta. U prvoj godini se o\u010dekuje jedan cjeloviti projekt po semestru.<\/p>\n\n\n\n<div style=\"height:20px\" aria-hidden=\"true\" class=\"wp-block-spacer\"><\/div>\n\n\n\n<p class=\"has-normal-font-size\"><strong>Seminar<\/strong> &#8211; studenti.ce su du\u017ene.i&nbsp; jednom semestralno pripremiti i odr\u017eati prezentaciju vlastitog rada. Seminar ce tvoriti klju\u010dno sastajali\u0161te gdje \u0107e svaki.a student.ica morati dati jednako koncentracije i konstruktivne kritike svojim kolegama\/icama koliko \u0107e i primiti. Ovo \u0107e postati okosnica studija i razvitka studenata\/ica unutar njega.<\/p>\n\n\n\n<div style=\"height:20px\" aria-hidden=\"true\" class=\"wp-block-spacer\"><\/div>\n\n\n\n<p class=\"has-normal-font-size\"><strong>TEORIJA<\/strong><\/p>\n\n\n\n<p class=\"has-normal-font-size\">Teoretska nastava odvija se u tematskim blokovima predavanja na koje studenti.ce trebaju odgovoriti samostalniim istra\u017eivanjem suvremene teorije kulture. Prvi semestar su teme zadane, drugi semestar su teme uskla\u0111ene s interesima diplomanata i njihovih istra\u017eivanja.<\/p>\n\n\n\n<div style=\"height:20px\" aria-hidden=\"true\" class=\"wp-block-spacer\"><\/div>\n\n\n\n<p class=\"has-normal-font-size\"><strong>Semestralni kriti\u010dki osvrt<\/strong> na vlastiti rad, 2 kartice &#8211; u kriti\u010dkom osvrtu studenti_ce po\u010dinju pozicionirati vlastitu praksu u kontekst svojih kolega_ica, suvremenika_ica i prethodnika_ica. Razvijaju vje\u0161tine artikulacije i samoevaluacije.<\/p>\n\n\n\n<div style=\"height:20px\" aria-hidden=\"true\" class=\"wp-block-spacer\"><\/div>\n\n\n\n<p class=\"has-normal-font-size\"><strong>PROFESIJA<\/strong><\/p>\n\n\n\n<p class=\"has-normal-font-size\"><strong>Prezentacija i izlo\u017eba<\/strong> &#8211; je kulminacija godi\u0161njeg studija, na kraju prve godine studenti_ce pripreme, organiziraju i postave izlo\u017ebu te prisustvuju kriti\u010dkoj evaluaciji rada. Postavljanje i organiziranje izlo\u017ebe dio je profesionalne prakse suvremenih umjetnika\/ica, samim time je neophodna vje\u0161tina za studente_ice diplomskog studija.<\/p>\n\n\n\n<div style=\"height:20px\" aria-hidden=\"true\" class=\"wp-block-spacer\"><\/div>\n\n\n\n<p class=\"has-normal-font-size\">Osnovne i napredne radionice iz medijskih tehnika, po potrebama studenata_ica (rasvjeta, blue screen, tonsko snimanje, video i filmsko snimanje, trik stol)<\/p>\n\n\n\n<div style=\"height:20px\" aria-hidden=\"true\" class=\"wp-block-spacer\"><\/div>\n\n\n\n<p class=\"has-normal-font-size\">*Radionice su ponu\u0111ene na odsjeku, ukoliko je studenti\/ca\/ma potrebna dodatna&nbsp; edukacija iz podru\u010dja izvan odsjeka, studenti\/ce se usmjeruju na adekvatnu instituciju.<\/p>\n\n\n<p><strong>&nbsp;<\/strong><\/p>\n<\/p>\n<p dir=\"ltr\">\n<p dir=\"ltr\">\n<p dir=\"ltr\">\n<p dir=\"ltr\">","protected":false},"excerpt":{"rendered":"<p>Diplomski studij MA Novi Mediji&nbsp; MA Novi Mediji je dinami\u010dan i intenzivan studij koji u kreativnoj i kriti\u010dkoj atmosferi njeguje individualne poetike, prakse i politike, dok istovremeno gradi kolektiv koji se podr\u017eava tokom studija, a \u0161to je jo\u0161 bitnije i nakon studija.&nbsp;Studij omogu\u0107ava studenti.ca.ma da samostalno i uz podr\u0161ku mentorskog, grupnog i peer to peer &hellip; <a href=\"https:\/\/blog.alu.hr\/?page_id=224\" class=\"more-link\">Continue reading<span class=\"screen-reader-text\"> &#8220;diplomski studij&#8221;<\/span><\/a><\/p>\n","protected":false},"author":2,"featured_media":0,"parent":0,"menu_order":4,"comment_status":"open","ping_status":"open","template":"","meta":{"footnotes":""},"class_list":["post-224","page","type-page","status-publish","hentry"],"_links":{"self":[{"href":"https:\/\/blog.alu.hr\/index.php?rest_route=\/wp\/v2\/pages\/224","targetHints":{"allow":["GET"]}}],"collection":[{"href":"https:\/\/blog.alu.hr\/index.php?rest_route=\/wp\/v2\/pages"}],"about":[{"href":"https:\/\/blog.alu.hr\/index.php?rest_route=\/wp\/v2\/types\/page"}],"author":[{"embeddable":true,"href":"https:\/\/blog.alu.hr\/index.php?rest_route=\/wp\/v2\/users\/2"}],"replies":[{"embeddable":true,"href":"https:\/\/blog.alu.hr\/index.php?rest_route=%2Fwp%2Fv2%2Fcomments&post=224"}],"version-history":[{"count":75,"href":"https:\/\/blog.alu.hr\/index.php?rest_route=\/wp\/v2\/pages\/224\/revisions"}],"predecessor-version":[{"id":5058,"href":"https:\/\/blog.alu.hr\/index.php?rest_route=\/wp\/v2\/pages\/224\/revisions\/5058"}],"wp:attachment":[{"href":"https:\/\/blog.alu.hr\/index.php?rest_route=%2Fwp%2Fv2%2Fmedia&parent=224"}],"curies":[{"name":"wp","href":"https:\/\/api.w.org\/{rel}","templated":true}]}}