{"id":2,"date":"2009-05-08T12:23:51","date_gmt":"2009-05-08T10:23:51","guid":{"rendered":"http:\/\/blog.alu.hr\/?page_id=2"},"modified":"2024-12-01T22:13:32","modified_gmt":"2024-12-01T20:13:32","slug":"about","status":"publish","type":"page","link":"https:\/\/blog.alu.hr\/","title":{"rendered":"o nama"},"content":{"rendered":"\n<div style=\"height:24px\" aria-hidden=\"true\" class=\"wp-block-spacer\"><\/div>\n\n\n\n<p class=\"has-text-color has-medium-font-size\" style=\"color:#f40be4\"><strong>I VI MO\u017dETE BITI STUDENT\/ICA <\/strong><\/p>\n\n\n\n<p><\/p>\n\n\n\n<p><\/p>\n\n\n\n<p class=\"has-text-color has-medium-font-size\" style=\"color:#f40be4\"><strong>ODSJEKA ZA NOVE MEDIJE!&nbsp;<\/strong><\/p>\n\n\n\n<p><\/p>\n\n\n\n<p class=\"has-text-color has-medium-font-size\" style=\"color:#f40be4\"><\/p>\n\n\n\n<div style=\"height:20px\" aria-hidden=\"true\" class=\"wp-block-spacer\"><\/div>\n\n\n\n<p class=\"has-vivid-cyan-blue-color has-text-color has-large-font-size\"><\/p>\n\n\n<div class=\"wp-block-image is-style-default\">\n<figure class=\"alignleft size-large\"><img loading=\"lazy\" decoding=\"async\" width=\"1024\" height=\"768\" src=\"https:\/\/blog.alu.hr\/wp-content\/uploads\/2023\/07\/2018-03-26-13.44.54-1024x768.jpg\" alt=\"\" class=\"wp-image-3169\" srcset=\"https:\/\/blog.alu.hr\/wp-content\/uploads\/2023\/07\/2018-03-26-13.44.54-1024x768.jpg 1024w, https:\/\/blog.alu.hr\/wp-content\/uploads\/2023\/07\/2018-03-26-13.44.54-300x225.jpg 300w, https:\/\/blog.alu.hr\/wp-content\/uploads\/2023\/07\/2018-03-26-13.44.54-768x576.jpg 768w, https:\/\/blog.alu.hr\/wp-content\/uploads\/2023\/07\/2018-03-26-13.44.54-1536x1152.jpg 1536w, https:\/\/blog.alu.hr\/wp-content\/uploads\/2023\/07\/2018-03-26-13.44.54-2048x1536.jpg 2048w\" sizes=\"auto, (max-width: 709px) 85vw, (max-width: 909px) 67vw, (max-width: 1362px) 62vw, 840px\" \/><figcaption class=\"wp-element-caption\">Diplomski rad Marko Guti\u0107 Mi\u017eimakov<\/figcaption><\/figure><\/div>\n\n\n<div style=\"height:34px\" aria-hidden=\"true\" class=\"wp-block-spacer\"><\/div>\n\n\n\n<p><\/p>\n\n\n\n<p class=\"has-normal-font-size\"><\/p>\n\n\n\n<div style=\"height:32px\" aria-hidden=\"true\" class=\"wp-block-spacer\"><\/div>\n\n\n\n<p class=\"has-text-color has-large-font-size\" style=\"color:#4657f0\"><strong>O NAMA<\/strong><\/p>\n\n\n\n<div style=\"height:27px\" aria-hidden=\"true\" class=\"wp-block-spacer\"><\/div>\n\n\n\n<p class=\"has-vivid-cyan-blue-background-color has-background has-normal-font-size\">Novi novi mediji<\/p>\n\n\n\n<p class=\"has-pale-cyan-blue-background-color has-background has-normal-font-size\" style=\"letter-spacing:0.5px\">Odsjek za nove medije jedinstven je po tome \u0161to od prve godine poti\u010de individualni autorski pristup, kreativnost i inovativnost. Istovremeno je naglasak na stjecanju tehni\u010dkih vje\u0161tina, upoznavanju s bitnim umjetni\u010dkim i autorskim praksama te razvijanjem vlastitog kreativnog potencijala. Odsjek za nove medije osnovan je 2024. i kre\u0107e izvoditi program u jesen 2025. godine. Upravo zbog mladosti na\u0161eg odsjeka, a u skladu s uvjerenjem kako nijedna umjetni\u010dka aktivnost niti disciplina nije stati\u010dna niti se mo\u017ee odvijati zatvorena unutar sebe, plan i program nastave je u kontinuiranom procesu nastajanja, unaprje\u0111ivanja i nadogradnje.<\/p>\n\n\n\n<p class=\"has-pale-cyan-blue-background-color has-background has-normal-font-size\" style=\"letter-spacing:0.5px\">Poti\u010demo otvorenost i istra\u017eivanje u \u0161irokom spektru ideja i medija te obrazujemo novu generaciju suvremenih autor_ica, umjetnika_ca i radni_ca u kulturi. Studenti_ce se mogu specijalizirati u odabranom mediju ili u kombinaciji medija kojima ispituju granice i odnose raznih tehnologija i pristupa: filmu, videu, fotografiji, tiskovinama, dru\u0161tvenoj praksi, elektronskim i digitalnim medijima, crte\u017eu, zvuku, glasu, instalacijama, performansu, objektima, tekstu, publikacijama. Poti\u010demo eksperimentalni, kriti\u010dki i istra\u017eiva\u010dki pristup kroz diskusije, seminare, \u010ditanje, pisanje, predavanja, njeguju\u0107i osje\u0107aj zajednice i kolektiva. Kroz niz stru\u010dnih kolegija, projekata, radionica, studenti_ce usvajaju tehni\u010dke vje\u0161tine, kao i upoznavanje s teoretskim i suvremenim diskursima relevantnim za podru\u010dje suvremene novomedijske prakse.<\/p>\n\n\n\n<p class=\"has-pale-cyan-blue-background-color has-background has-normal-font-size\" style=\"letter-spacing:0.5px\">Studij je koncipiran kao niz kolegija i radionica, povijesnih pregleda eksperimentalnog filma i videa, suvremenih umjetni\u010dkih praksi, suradnje s vanjskim stru\u010dnjacima i institucijama, kao i s me\u0111unarodnim akademijama. Osim redovne nastave, redovito organiziramo projektnu i terensku nastavu (rezidenciju u Pogon Jedinstvu, suradnju s galerijskim prostorima poput Atelijera \u017ditnjak i Galerije Prozori, terensku nastavu na Hvaru i u Londonu).<\/p>\n\n\n\n<p class=\"has-pale-cyan-blue-background-color has-background has-normal-font-size\" style=\"letter-spacing:0.5px\">Naglasak je na razvoju inovativnih i interdisciplinarnih pristupa suvremenoj medijskoj umjetni\u010dkoj praksi (kroz video, zvuk, instalacije, fotografiju, performans, instalacije, dru\u0161tvenu praksu, objekte, crte\u017e i drugo) i njenom kriti\u010dkom kontekstu. Interdisciplinarnost programa omogu\u0107uje profesionalno bavljenje umjetni\u010dkom praksom, ali i mnogim srodnim profesijama (snimanjem, monta\u017eom, scenografijom, kostimografijom, radom u medijskim agencijama, studijima za grafi\u010dki ili modni dizajn, kulturnom menad\u017ementu, produkciji, institucionalnoj i izvaninstitucionalnoj edukaciji). Interdisciplinarnost programa omogu\u0107uje profesionalno bavljenje umjetni\u010dkom praksom, ali i mnogim srodnim profesijama (snimanjem, monta\u017eom, scenografijom, kostimografijom, radom u medijskim agencijama, studijima za grafi\u010dki ili modni dizajn, kulturnom menad\u017ementu, produkciji, institucionalnoj i izvaninstitucionalnoj edukaciji)<\/p>\n\n\n\n<p class=\"has-pale-cyan-blue-background-color has-background has-normal-font-size\" style=\"letter-spacing:0.5px\">Na\u0161 cilj je obrazovati ne samo novu generaciju suvremenih autora i autorica, odnosno umjetnica i umjetnika, nego i novu generaciju kulturnih djelatnica\/ika.<\/p>\n\n\n\n<p class=\"has-pale-cyan-blue-background-color has-background has-normal-font-size\" style=\"letter-spacing:0.5px\"><strong>Na\u0161 odsjek poti\u010de raznolikost i razli\u010ditost u svim svojim oblicima!<\/strong><\/p>\n\n\n\n<div style=\"height:20px\" aria-hidden=\"true\" class=\"wp-block-spacer\"><\/div>\n\n\n\n<p class=\"has-text-color has-large-font-size\" style=\"color:#4059fb\"><strong>\u0160to tra\u017eimo?<\/strong><\/p>\n\n\n\n<div style=\"height:20px\" aria-hidden=\"true\" class=\"wp-block-spacer\"><\/div>\n\n\n\n<p class=\"has-pale-cyan-blue-background-color has-background has-normal-font-size\" style=\"letter-spacing:0.5px\">Tra\u017eimo znati\u017eeljne, neobi\u010dne, anga\u017eirane, kriti\u010dki nastrojene, intelektualno znati\u017eeljne, likovno nadarene, dru\u0161tveno osvije\u0161tene, solidarne, radi\u0161ne, introvertne, ekstrovertne i za razne discipline zainteresirane osobe\u2026<\/p>\n\n\n\n<p class=\"has-normal-font-size\"><\/p>\n\n\n\n<div style=\"height:35px\" aria-hidden=\"true\" class=\"wp-block-spacer\"><\/div>\n\n\n\n<p class=\"has-text-color has-large-font-size\" style=\"color:#2556e9\"><strong>S kim sura\u0111ujemo<\/strong>?<\/p>\n\n\n\n<div style=\"height:20px\" aria-hidden=\"true\" class=\"wp-block-spacer\"><\/div>\n\n\n\n<p><\/p>\n\n\n\n<p class=\"has-pale-cyan-blue-background-color has-background has-normal-font-size\" style=\"letter-spacing:0.5px\">Kao dio studijskog programa redovito sura\u0111ujemo s renomiranim umjetnicama_cima iz polja vizualne i likovne umjetnosti, ali i glazbe, koreografije, plesa, pjesni\u0161tva, filma, elektronike\u2026&nbsp; Poti\u010demo kontinuirano pra\u0107enje programa nezavisne i institucionalne umjetni\u010dke scene kroz kontakte s galerijama, umjetnicama i umjetnicima, kustosicama i kustosima (Dramska Akademija \u2013 Odsjek za ples, Pogon &#8211; zagreba\u010dki centar za nezavisnu kulturu i kulturu mladih, Galerija Prozori, Galerija Miroslav Kraljevi\u0107, Atelieri \u017ditnjak, Festival Gibanja, Plesni centar Tala, Kontejner, kustoski kolektiv WHW). Preko dvadeset godina organiziramo suradni\u010dki projekt s Akademijom likovne umjetnosti London Metropolitan University u Londonu.<\/p>\n\n\n\n<div style=\"height:20px\" aria-hidden=\"true\" class=\"wp-block-spacer\"><\/div>\n\n\n\n<p class=\"has-normal-font-size\"><\/p>\n\n\n\n<p class=\"has-pale-cyan-blue-background-color has-background has-normal-font-size\" style=\"letter-spacing:0.5px\">Razgovore, radionice i vodstva za odsjek me\u0111u ostalima su odr\u017eali:Marko Guti\u0107 Mi\u017eimakov, Nika Pe\u0107arina, Lea Ani\u0107, Ivona Eterovi\u0107 Tonota, <a href=\"https:\/\/www.vlatkahorvat.com\/\">Vlatka Horvat<\/a>, <a href=\"https:\/\/www.rajkamalkahlon.com\/\">Rajkamal Kahlon<\/a>, <a href=\"https:\/\/timetchells.com\/\">Tim Etchells<\/a>, E team, <a href=\"http:\/\/colin-black.weebly.com\/\">Colin Black<\/a>, <a href=\"http:\/\/www.sandrodukic.com\/hr\/\">Sandro \u0110uki\u0107,<\/a> Una Bauer, Deborah Husti\u0107, <a href=\"http:\/\/sinisailic.blogspot.com\/\">Sini\u0161a Ili\u0107<\/a>, Mirna Belina, Emina Vi\u0161ni\u0107, Ksenija Ladi\u0107, Nikolina Prista\u0161, Damir O\u010dko, Bra\u0107a Sinkauz, Vladimir Cvijanovi\u0107, Vesna Vukovi\u0107, kustoski kolektiv WHW, <a href=\"https:\/\/www.tadicmarko.com\/web\/\">Marko Tadi\u0107<\/a>, Petar Milat, Ivan Maru\u0161i\u0107 Klif, Sonja Pregrad, Dubravka Sekuli\u0107, Goran Petercol, Mirjana Vodopija, Boris Cvjetanovi\u0107, <a href=\"http:\/\/www.elkekrasny.at\/en\/\">Elke Krasny, <\/a>Damir Bartol Indo\u0161, <a href=\"http:\/\/www.dalibormartinis.com\/\">Dalibor Martinis, <\/a>Dora Baras, <a href=\"http:\/\/www.thomson-craighead.net\/\">Thompson &amp; Craighead<\/a>, <a href=\"http:\/\/www.naokotakahashi.com\/\">Naoko Takahashi<\/a>, <a href=\"http:\/\/samsteer.co.uk\/\">Sam Steer<\/a>, <a href=\"http:\/\/www.av-arkki.fi\/en\/artists\/kalle-hamm_en\/\">Kalle Hamm, <\/a>Ana Peraica, Dan Norton, Emina Kurtagi\u0107, Maja i Reuben Fowkes, Minna Henrikson, <a href=\"http:\/\/www.samueldowd.info\/\">Samuel Dowd, <\/a>Nevena Tudor, Nada Bero\u0161, <a href=\"http:\/\/www.kustoskaplatforma.com\/o-nama\">Ivana Me\u0161trov<\/a>, <a href=\"http:\/\/www.kontakt-collection.net\/artists\/Stilinovic+Mladen\/\">Mladen Stilinovi\u0107 , <\/a>Marcell Mars, <a href=\"http:\/\/spruethmagers.net\/exhibitions\/264@@viewqex0\">David Maljkovi\u0107<\/a>, <a href=\"http:\/\/hr-hr.facebook.com\/pages\/slika-od-zvuka\/104159272956158?sk=wall\">Evelina Turkovi\u0107, <\/a><a href=\"http:\/\/lalarascic.com\/\">Lala Ra\u0161\u010di\u0107 <\/a>, <a href=\"http:\/\/www.ahmetogut.com\/\">Ahmet Ogut<\/a>, <a href=\"http:\/\/www.a-z.hr\/clan.php?korisnik_id=11\">Kata Mijatovi\u0107<\/a>, <a href=\"http:\/\/www.vilmagold.com\/newpages\/previous\/glassbeadgame1.htm\">Florian Roithmayer<\/a>.<\/p>\n\n\n\n<p class=\"has-normal-font-size\"><\/p>\n\n\n\n<div style=\"height:52px\" aria-hidden=\"true\" class=\"wp-block-spacer\"><\/div>\n\n\n\n<p class=\"has-text-color has-large-font-size\" style=\"color:#2047ee\"><strong>\u0160to poslije studija?<\/strong><\/p>\n\n\n\n<div style=\"height:20px\" aria-hidden=\"true\" class=\"wp-block-spacer\"><\/div>\n\n\n\n<p><\/p>\n\n\n\n<p class=\"has-pale-cyan-blue-background-color has-background has-normal-font-size\" style=\"letter-spacing:0.5px\">Nakon zavr\u0161enog prijediplomskog studija studenti_ce \u0107e vladati osnovnim vje\u0161tinama snimanja i montiranja audia i videa, analognom i digitalnom fotografijom te tehnikama postprodukcije. Na\u0161 cilj je ne obrazovati samo novu generaciju suvremenih autora i autorica, odnosno umjetnica i umjetnika, nego i novu generaciju radnika_ca u kulturi.<\/p>\n\n\n\n<p class=\"has-pale-cyan-blue-background-color has-background has-normal-font-size\" style=\"letter-spacing:0.5px\">Interdisciplinarnost na\u0161eg programa omogu\u0107uje studentima_cama da se profesionalno bave umjetni\u010dkom praksom te mnogim srodnim profesijama (kustoskim praksama, institucionalnom i vaninstitucionalnom edukacijom i administracijom, radu u medijskim agencijama, dizajnerskim studijima, modnim dizajnom, kulturnim menad\u017ementom)<\/p>\n\n\n\n<p><\/p>\n\n\n\n<p class=\"has-pale-cyan-blue-background-color has-background has-normal-font-size\" style=\"letter-spacing:0.5px\">Studenti_ce koji_e \u017eele nastaviti studij nakon zavr\u0161enog prijediplomskog studija mogu pristupiti prijemnom ispitu za diplomski studij i nastaviti studirati na Odsjeku za Nove medije ili na srodnom studiju na istoj Akademiji ili nekoj drugoj visoko\u0161kolskoj ustanovi.<\/p>\n\n\n\n<p class=\"has-pale-cyan-blue-background-color has-background has-normal-font-size\" style=\"letter-spacing:0.5px\">Nakon studija na\u0161i_e alumni_e aktivni_e su na umjetni\u010dkoj sceni, dobitnici_ce su mnogih presti\u017enih nagrada; sudjeluju na izlo\u017ebama poput Salona Mladih, Zagreba\u010dkog Salona, me\u0111u finalistima su Nagrade Radoslav Putar, Zlatne Lubenice, Erste fragmenta, rezidenti su Akademie Schloss Solitude, Summer Sessions V_2,&nbsp; sudjeluju na 25fps festivalu, Danima hrvatskog filma i na drugim filmskim festivalima u zemlji i inozemstvu. U nastavku studija mnogi_e studenti_ce nastavljaju obrazovanje na presti\u017enim me\u0111unarodnim programima poput WHW akademije, DAI walking progra, APAS Brussel i dr.<\/p>\n\n\n\n<div style=\"height:100px\" aria-hidden=\"true\" class=\"wp-block-spacer\"><\/div>\n","protected":false},"excerpt":{"rendered":"<p>I VI MO\u017dETE BITI STUDENT\/ICA ODSJEKA ZA NOVE MEDIJE!&nbsp; O NAMA Novi novi mediji Odsjek za nove medije jedinstven je po tome \u0161to od prve godine poti\u010de individualni autorski pristup, kreativnost i inovativnost. Istovremeno je naglasak na stjecanju tehni\u010dkih vje\u0161tina, upoznavanju s bitnim umjetni\u010dkim i autorskim praksama te razvijanjem vlastitog kreativnog potencijala. Odsjek za nove &hellip; <a href=\"https:\/\/blog.alu.hr\/\" class=\"more-link\">Continue reading<span class=\"screen-reader-text\"> &#8220;o nama&#8221;<\/span><\/a><\/p>\n","protected":false},"author":1,"featured_media":0,"parent":0,"menu_order":0,"comment_status":"closed","ping_status":"closed","template":"","meta":{"footnotes":""},"class_list":["post-2","page","type-page","status-publish","hentry"],"_links":{"self":[{"href":"https:\/\/blog.alu.hr\/index.php?rest_route=\/wp\/v2\/pages\/2","targetHints":{"allow":["GET"]}}],"collection":[{"href":"https:\/\/blog.alu.hr\/index.php?rest_route=\/wp\/v2\/pages"}],"about":[{"href":"https:\/\/blog.alu.hr\/index.php?rest_route=\/wp\/v2\/types\/page"}],"author":[{"embeddable":true,"href":"https:\/\/blog.alu.hr\/index.php?rest_route=\/wp\/v2\/users\/1"}],"replies":[{"embeddable":true,"href":"https:\/\/blog.alu.hr\/index.php?rest_route=%2Fwp%2Fv2%2Fcomments&post=2"}],"version-history":[{"count":230,"href":"https:\/\/blog.alu.hr\/index.php?rest_route=\/wp\/v2\/pages\/2\/revisions"}],"predecessor-version":[{"id":4930,"href":"https:\/\/blog.alu.hr\/index.php?rest_route=\/wp\/v2\/pages\/2\/revisions\/4930"}],"wp:attachment":[{"href":"https:\/\/blog.alu.hr\/index.php?rest_route=%2Fwp%2Fv2%2Fmedia&parent=2"}],"curies":[{"name":"wp","href":"https:\/\/api.w.org\/{rel}","templated":true}]}}