{"id":1812,"date":"2013-09-28T00:53:12","date_gmt":"2013-09-27T22:53:12","guid":{"rendered":"http:\/\/blog.alu.hr\/?page_id=1812"},"modified":"2024-12-01T22:23:48","modified_gmt":"2024-12-01T20:23:48","slug":"2013-2","status":"publish","type":"page","link":"https:\/\/blog.alu.hr\/?page_id=1812","title":{"rendered":"2013"},"content":{"rendered":"<p>&nbsp;<\/p>\n<p>&nbsp;<\/p>\n<p><strong>Katerina Duda<\/strong><\/p>\n<p><a href=\"https:\/\/blog.alu.hr\/wp-content\/uploads\/2013\/09\/1.jpg\"><img loading=\"lazy\" decoding=\"async\" class=\"alignnone size-medium wp-image-1906\" alt=\"1\" src=\"https:\/\/blog.alu.hr\/wp-content\/uploads\/2013\/09\/1-300x200.jpg\" width=\"300\" height=\"200\" srcset=\"https:\/\/blog.alu.hr\/wp-content\/uploads\/2013\/09\/1-300x200.jpg 300w, https:\/\/blog.alu.hr\/wp-content\/uploads\/2013\/09\/1-1024x683.jpg 1024w, https:\/\/blog.alu.hr\/wp-content\/uploads\/2013\/09\/1.jpg 1500w\" sizes=\"auto, (max-width: 300px) 85vw, 300px\" \/><\/a><\/p>\n<p><a href=\"https:\/\/blog.alu.hr\/wp-content\/uploads\/2013\/09\/IMG_4698.jpg\"><img loading=\"lazy\" decoding=\"async\" class=\"alignnone size-medium wp-image-1907\" alt=\"IMG_4698\" src=\"https:\/\/blog.alu.hr\/wp-content\/uploads\/2013\/09\/IMG_4698-300x200.jpg\" width=\"300\" height=\"200\" srcset=\"https:\/\/blog.alu.hr\/wp-content\/uploads\/2013\/09\/IMG_4698-300x200.jpg 300w, https:\/\/blog.alu.hr\/wp-content\/uploads\/2013\/09\/IMG_4698-1024x682.jpg 1024w\" sizes=\"auto, (max-width: 300px) 85vw, 300px\" \/><\/a><\/p>\n<p>&nbsp;<\/p>\n<p>&nbsp;<\/p>\n<p style=\"text-align: left;\">Rad tematizira sje\u0107anje &#8211; prostore\/mjesta koje ve\u017eemo uz prva sje\u0107anja, \u010desto kao mutne slike ili fragmente uz neku pri\u010du koja obilje\u017eava odrastanje. Rad se sastoji od sedam videoradova (sedam razli\u010ditih ljudi) koji prikazuju aktivacije sje\u0107anja: pretvaranja sje\u0107anja u pokret i njegovu evokaciju. Videoradovi prikazuju&nbsp; fragmente ili cijelu osobu kako na manje ili vi\u0161e dinami\u010dan na\u010din izvodi pokret\/akciju na mjestu uz koje je vezana sje\u0107anjem \u2013 bilo da je rije\u010d o zagreba\u010dkom kvartu iz djetinjstva, parku ili podrumu.<\/p>\n<p style=\"text-align: left;\">Drugi segment rada je knjiga pri\u010da iz djetinjstva vezanih uz posebna mjesta, uz fotografije fragmenata mjesta. Rad propituje&nbsp; koliko prostor \u010duva sje\u0107anja i koliko je pojedinac kroz osobnu pri\u010du s tim&nbsp; mjestom povezan. Osobe koje sudjeluju dio su iste generacije (ro\u0111eni 1989.) i pitanje je koliko su prva sje\u0107anja obilje\u017eena \u0161irim politi\u010dkim doga\u0111ajima ranih devedesetih.<\/p>\n<p>&nbsp;<\/p>\n<p>&nbsp;<\/p>\n<p><strong><a href=\"http:\/\/inmandarinchinese.tumblr.com\/\">Alenka Cindri\u0107<\/a><\/strong><\/p>\n<p><a href=\"https:\/\/blog.alu.hr\/wp-content\/uploads\/2013\/09\/Capture.jpg\"><img loading=\"lazy\" decoding=\"async\" class=\"alignnone size-medium wp-image-1909\" alt=\"Capture\" src=\"https:\/\/blog.alu.hr\/wp-content\/uploads\/2013\/09\/Capture-300x167.jpg\" width=\"300\" height=\"167\" srcset=\"https:\/\/blog.alu.hr\/wp-content\/uploads\/2013\/09\/Capture-300x167.jpg 300w, https:\/\/blog.alu.hr\/wp-content\/uploads\/2013\/09\/Capture-1024x571.jpg 1024w, https:\/\/blog.alu.hr\/wp-content\/uploads\/2013\/09\/Capture.jpg 1130w\" sizes=\"auto, (max-width: 300px) 85vw, 300px\" \/><\/a><\/p>\n<p><a href=\"https:\/\/blog.alu.hr\/wp-content\/uploads\/2013\/09\/Capture1.jpg\"><img loading=\"lazy\" decoding=\"async\" class=\"alignnone size-medium wp-image-1910\" alt=\"Capture1\" src=\"https:\/\/blog.alu.hr\/wp-content\/uploads\/2013\/09\/Capture1-300x224.jpg\" width=\"300\" height=\"224\" srcset=\"https:\/\/blog.alu.hr\/wp-content\/uploads\/2013\/09\/Capture1-300x224.jpg 300w, https:\/\/blog.alu.hr\/wp-content\/uploads\/2013\/09\/Capture1.jpg 845w\" sizes=\"auto, (max-width: 300px) 85vw, 300px\" \/><\/a><\/p>\n<p>&nbsp;<\/p>\n<p>Rad tematizira i istra\u017euje norme i odnos prema okolini u gradskim prostorima kroz motive divljih staza utabanih u gradske zelene povr\u0161ine i korova.<\/p>\n<p>Divljim putevima je pristupano iz nekoliko uglova -akcijom hodanja po jednoj od na\u0111enih puteva dok nije pro\u0161iren&nbsp;do 1.5 metra, kolika je standardna minimalna \u0161irina gradskog nogostupa. Video performansom u kojem je sniman \u010din metenja jedne od divljih staza te na kraju samom dokumentacijom divljih puteva kojom se oni iz pozadine stavljaju u centar pozornosti i zbivanja.<\/p>\n<p>Korovima se rad bavi kroz video koji prikazuje lon\u010danice u interijeru. Zemlja u lon\u010danicama je sakupljena na razli\u010ditim zelenim povr\u0161inama u Zagrebu i iz nje su nakon \u0161to je sakupljena izrasli korovi prikazani na videu. Korovi su dalje uzgajani u stanu poput ku\u0107nih lon\u010danica sa cvije\u0107em. Divlje staze i korovi uzgajani u ku\u0107i rade odmak od zadanog i propituju granice prihva\u0107enog i propisanog u gradskim prostorima.<\/p>\n<p>&nbsp;<\/p>\n<p><strong>Luana Loji\u0107<\/strong><\/p>\n<p><a href=\"https:\/\/blog.alu.hr\/wp-content\/uploads\/2013\/09\/IMG_7267.jpg\"><img loading=\"lazy\" decoding=\"async\" class=\"alignnone size-medium wp-image-1916\" alt=\"IMG_7267\" src=\"https:\/\/blog.alu.hr\/wp-content\/uploads\/2013\/09\/IMG_7267-300x200.jpg\" width=\"300\" height=\"200\" srcset=\"https:\/\/blog.alu.hr\/wp-content\/uploads\/2013\/09\/IMG_7267-300x200.jpg 300w, https:\/\/blog.alu.hr\/wp-content\/uploads\/2013\/09\/IMG_7267-1024x682.jpg 1024w\" sizes=\"auto, (max-width: 300px) 85vw, 300px\" \/><\/a>&nbsp; <a href=\"https:\/\/blog.alu.hr\/wp-content\/uploads\/2013\/09\/IMG_7277.jpg\"><img loading=\"lazy\" decoding=\"async\" class=\"alignnone size-medium wp-image-1918\" alt=\"IMG_7277\" src=\"https:\/\/blog.alu.hr\/wp-content\/uploads\/2013\/09\/IMG_7277-300x200.jpg\" width=\"300\" height=\"200\" srcset=\"https:\/\/blog.alu.hr\/wp-content\/uploads\/2013\/09\/IMG_7277-300x200.jpg 300w, https:\/\/blog.alu.hr\/wp-content\/uploads\/2013\/09\/IMG_7277-1024x682.jpg 1024w\" sizes=\"auto, (max-width: 300px) 85vw, 300px\" \/><\/a><\/p>\n<p>Manipulacija frekvencijama koja je u performansu vidljiva u obliku projekcije sa \u201esmetnjama\u201c, rezultat su dodirivanja dvaju organsko razli\u010ditih materija. Kamera bilje\u017ei sliku najbli\u017ee prirode ili pejza\u017ea. Postavljena je na prozoru i opti\u010dki bilje\u017ei vanjski prostor. Kamera \u0161alje signal vanjskom radio receiveru, spojenom s projektorom. Receiver je namje\u0161ten na samom rubu prijemljivosti frekvencije, \u010dine\u0107i sliku podlo\u017enu prikazu svake malo ve\u0107e smetnje u prostoru. Izme\u0111u te dvije antene \u0161to \u010dini razmak od kojih 4 metra, stvaraju se frekvencijska polja. Ako bilo koje organsko tijelo prohoda me\u0111u antenama, na slici se generira vidljiva smetnja ili tzv.snijeg. Pa\u017eljivijim prodiranjem u polja, mogu\u0107e je stvoriti kompoziciju smetnje, \u0161to nu\u017eno uklju\u010duje odre\u0111eni tjelesni pokret, zadr\u017eavanje ili ponavljanje istog. Performans se sastoji u izvo\u0111enju pokreta ovisnog o polju, te upoznavanju po\u010detaka i krajeva polja (frekvencijskih valova).<\/p>\n<p>&nbsp;<\/p>\n<p><strong>Roko Crni\u0107<\/strong><\/p>\n<p><strong>Dorotea Kra\u0161evac<\/strong><\/p>\n<p><strong>Stella Lebo\u0161<\/strong><\/p>\n<p><strong><a href=\"http:\/\/pauouaula.tumblr.com\/\">Paula Konju\u0161i\u0107<\/a><\/strong><\/p>\n<p>&nbsp;<\/p>\n<p>&nbsp;<\/p>\n","protected":false},"excerpt":{"rendered":"<p>&nbsp; &nbsp; Katerina Duda &nbsp; &nbsp; Rad tematizira sje\u0107anje &#8211; prostore\/mjesta koje ve\u017eemo uz prva sje\u0107anja, \u010desto kao mutne slike ili fragmente uz neku pri\u010du koja obilje\u017eava odrastanje. Rad se sastoji od sedam videoradova (sedam razli\u010ditih ljudi) koji prikazuju aktivacije sje\u0107anja: pretvaranja sje\u0107anja u pokret i njegovu evokaciju. Videoradovi prikazuju&nbsp; fragmente ili cijelu osobu kako &hellip; <a href=\"https:\/\/blog.alu.hr\/?page_id=1812\" class=\"more-link\">Continue reading<span class=\"screen-reader-text\"> &#8220;2013&#8221;<\/span><\/a><\/p>\n","protected":false},"author":2,"featured_media":0,"parent":19,"menu_order":15,"comment_status":"open","ping_status":"closed","template":"","meta":{"footnotes":""},"class_list":["post-1812","page","type-page","status-publish","hentry"],"_links":{"self":[{"href":"https:\/\/blog.alu.hr\/index.php?rest_route=\/wp\/v2\/pages\/1812","targetHints":{"allow":["GET"]}}],"collection":[{"href":"https:\/\/blog.alu.hr\/index.php?rest_route=\/wp\/v2\/pages"}],"about":[{"href":"https:\/\/blog.alu.hr\/index.php?rest_route=\/wp\/v2\/types\/page"}],"author":[{"embeddable":true,"href":"https:\/\/blog.alu.hr\/index.php?rest_route=\/wp\/v2\/users\/2"}],"replies":[{"embeddable":true,"href":"https:\/\/blog.alu.hr\/index.php?rest_route=%2Fwp%2Fv2%2Fcomments&post=1812"}],"version-history":[{"count":18,"href":"https:\/\/blog.alu.hr\/index.php?rest_route=\/wp\/v2\/pages\/1812\/revisions"}],"predecessor-version":[{"id":3058,"href":"https:\/\/blog.alu.hr\/index.php?rest_route=\/wp\/v2\/pages\/1812\/revisions\/3058"}],"up":[{"embeddable":true,"href":"https:\/\/blog.alu.hr\/index.php?rest_route=\/wp\/v2\/pages\/19"}],"wp:attachment":[{"href":"https:\/\/blog.alu.hr\/index.php?rest_route=%2Fwp%2Fv2%2Fmedia&parent=1812"}],"curies":[{"name":"wp","href":"https:\/\/api.w.org\/{rel}","templated":true}]}}