{"id":130,"date":"2009-05-12T09:55:50","date_gmt":"2009-05-12T07:55:50","guid":{"rendered":"http:\/\/blog.alu.hr\/?page_id=130"},"modified":"2011-09-08T09:48:55","modified_gmt":"2011-09-08T07:48:55","slug":"momjan","status":"publish","type":"page","link":"https:\/\/blog.alu.hr\/?page_id=130","title":{"rendered":"Vizura Aperta 2005"},"content":{"rendered":"<p>*VISURA APERTA MOMIANO *<\/p>\n<p>FESTIVAL OF VIDEO and AUDIO MEDIA<\/p>\n<p>is a call to artists, curators and cultural practitioners for  action,<br \/>\ninteraction and reaction in the micro locality of Momiano\/Momjan &#8211; a field<br \/>\ndense and complex in relationships and meanings The area Visura Aperta<br \/>\noperates in geographically is one with deep reaching layers of history,<br \/>\ndivisions, political upheavals, social transformations, memories and<br \/>\nfantasies. It is within this combination of imaginary and historical pasts<br \/>\nthat Visura Aperta situates itself as a temporary community transforming the<br \/>\npublic space, as guests in a particular micro location, not attempting to<br \/>\nbecome locals but returning a certain hospitality the city offers us.<\/p>\n<p>Visura Aperta  will feature a range of programmes related to the multi<br \/>\nethnic borderline context, questioning notions of political and social<br \/>\nborders.<br \/>\nFor the duration of the festival this temporary community formed as a<br \/>\nplatform for primarily young artists and curators will act as a tester,<br \/>\nmapping the territory it inhabits and featuring programmes, works and<br \/>\npresentations by artists from different countries<\/p>\n<p>Ovako je kolegica Leila Topi\u0107 opisala festival Visura Aperta u Momjanu<\/p>\n<p>www.vjesnik.hr<\/p>\n<p>Petak, 12. kolovoza 2005.<br \/>\n<a href=\"https:\/\/blog.alu.hr\/wp-content\/uploads\/2009\/05\/momjan1.png\"><img loading=\"lazy\" decoding=\"async\" class=\"alignright size-full wp-image-302\" title=\"momjan1\" src=\"https:\/\/blog.alu.hr\/wp-content\/uploads\/2009\/05\/momjan1.png\" alt=\"momjan1\" width=\"201\" height=\"150\" \/><\/a><\/p>\n<p>Budu\u0107i da Momjan, osim pitoreskne istarske arhitekture i vrsne gastronomske ponude ne nudi nikakav kulturni sadr\u017eaj, hvale je vrijedna inicijativa spomenute povjesni\u010darke umjetnosti te kustosice Nicole Hewitt da pretvore Momjan u svojevrsno sredi\u0161te suvremenih umjetni\u010dkih zbivanja.<\/p>\n<p>Tijekom dana sredi\u0161te Momjana postaje radionica gdje umjetnici istra\u017euju lokalne obi\u010daje, stvaraju izvedbena djela s djecom mla\u0111e dobi, snimaju slikovne i zvu\u010dne zapise, dok nave\u010der za\u010deljni zid mjesne crkve postaje mjesto projiciranja video i filmskih radova umjetnika koje su izabrali pozvani kustosi. K tomu, prostorije Talijanske zajednice pretvaraju se u galeriju gdje su izlo\u017eeni radovi umjetnika mla\u0111eg nara\u0161taja poput Nine Kurtele, Maje Ro\u017eman ili Nine Be\u0161li\u0107, dok je posljednji dan Festivala predvi\u0111en za zajedni\u010dku izlo\u017ebu gdje \u0107e svi okupljeni umjetnici predstaviti radove nastale u samome Momjanu.<br \/>\n<a href=\"https:\/\/blog.alu.hr\/wp-content\/uploads\/2009\/05\/momjan2.png\"><img loading=\"lazy\" decoding=\"async\" class=\"alignleft size-full wp-image-303\" title=\"momjan2\" src=\"https:\/\/blog.alu.hr\/wp-content\/uploads\/2009\/05\/momjan2.png\" alt=\"momjan2\" width=\"205\" height=\"150\" \/><\/a><\/p>\n<p>Festival je do sada stekao ve\u0107 zavidnu reputaciju te tako ove godine ovdje izla\u017eu i odr\u017eavaju prezentacije poznati me\u0111unarodni umjetnici poput Emilija Fantina, Marie Chiare Calvani i Danielea Baltija, koji s mje\u0161tanima stvaraju zajedni\u010dki film temeljen na snovima, Floriana Roithmayra, koji stvara umjetni\u010dku \u00bbigru\u00ab u kojoj sudjeljuje cijeli gradi\u0107 ili mladi umjetnici poput Jasmine Cibli\u0107, koja gradi ku\u0107u na stablu. Uz to, \u00bbVizura aperta\u00ab ove je godine uvrstila i vrsne predava\u010de, teoreti\u010dare vizualnih i audio umjetnosti poput berlinskog umjetnika Lillevana Pobjoya ili londonskog umjetnika Stevena Eastwooda, a Festival je ove godine predstavljen i na Venecijanskome biennalu.<br \/>\n<a href=\"https:\/\/blog.alu.hr\/wp-content\/uploads\/2009\/05\/momjan3.png\"><img loading=\"lazy\" decoding=\"async\" class=\"alignright size-full wp-image-305\" title=\"momjan3\" src=\"https:\/\/blog.alu.hr\/wp-content\/uploads\/2009\/05\/momjan3.png\" alt=\"momjan3\" width=\"200\" height=\"153\" \/><\/a><\/p>\n<p>Festival \u00bbVisura Aperta\u00ab zapravo je nov model transnacionalne umjetni\u010dke zajednice, povezane internetom, bez \u00bbvelikih\u00ab manifesta i spektakularnih istupanja u javnosti.<\/p>\n<p><a href=\"https:\/\/blog.alu.hr\/wp-content\/uploads\/2009\/05\/momjan4.png\"><img loading=\"lazy\" decoding=\"async\" class=\"alignleft size-full wp-image-306\" title=\"momjan4\" src=\"https:\/\/blog.alu.hr\/wp-content\/uploads\/2009\/05\/momjan4.png\" alt=\"momjan4\" width=\"194\" height=\"150\" \/><\/a><\/p>\n","protected":false},"excerpt":{"rendered":"<p>*VISURA APERTA MOMIANO * FESTIVAL OF VIDEO and AUDIO MEDIA is a call to artists, curators and cultural practitioners for action, interaction and reaction in the micro locality of Momiano\/Momjan &#8211; a field dense and complex in relationships and meanings The area Visura Aperta operates in geographically is one with deep reaching layers of history, &hellip; <a href=\"https:\/\/blog.alu.hr\/?page_id=130\" class=\"more-link\">Continue reading<span class=\"screen-reader-text\"> &#8220;Vizura Aperta 2005&#8221;<\/span><\/a><\/p>\n","protected":false},"author":2,"featured_media":0,"parent":833,"menu_order":0,"comment_status":"closed","ping_status":"closed","template":"","meta":{"footnotes":""},"class_list":["post-130","page","type-page","status-publish","hentry"],"_links":{"self":[{"href":"https:\/\/blog.alu.hr\/index.php?rest_route=\/wp\/v2\/pages\/130","targetHints":{"allow":["GET"]}}],"collection":[{"href":"https:\/\/blog.alu.hr\/index.php?rest_route=\/wp\/v2\/pages"}],"about":[{"href":"https:\/\/blog.alu.hr\/index.php?rest_route=\/wp\/v2\/types\/page"}],"author":[{"embeddable":true,"href":"https:\/\/blog.alu.hr\/index.php?rest_route=\/wp\/v2\/users\/2"}],"replies":[{"embeddable":true,"href":"https:\/\/blog.alu.hr\/index.php?rest_route=%2Fwp%2Fv2%2Fcomments&post=130"}],"version-history":[{"count":6,"href":"https:\/\/blog.alu.hr\/index.php?rest_route=\/wp\/v2\/pages\/130\/revisions"}],"predecessor-version":[{"id":1235,"href":"https:\/\/blog.alu.hr\/index.php?rest_route=\/wp\/v2\/pages\/130\/revisions\/1235"}],"up":[{"embeddable":true,"href":"https:\/\/blog.alu.hr\/index.php?rest_route=\/wp\/v2\/pages\/833"}],"wp:attachment":[{"href":"https:\/\/blog.alu.hr\/index.php?rest_route=%2Fwp%2Fv2%2Fmedia&parent=130"}],"curies":[{"name":"wp","href":"https:\/\/api.w.org\/{rel}","templated":true}]}}